{"id":2359,"date":"2018-03-13T11:22:09","date_gmt":"2018-03-13T11:22:09","guid":{"rendered":"http:\/\/demo-content.kaliumtheme.com\/architecture\/?page_id=2359"},"modified":"2024-11-28T15:06:09","modified_gmt":"2024-11-28T15:06:09","slug":"studio","status":"publish","type":"page","link":"http:\/\/archmw.pl\/nn\/studio\/","title":{"rendered":"Om oss"},"content":{"rendered":"<div class=\"vc-row-container container\"><div class=\"vc_row wpb_row vc_row-fluid vc_custom_1607022269935 vc_row-o-content-top vc_row-flex\"><div class=\"wpb_column vc_column_container vc_col-sm-12\"><div class=\"vc_column-inner\"><div class=\"wpb_wrapper\">\n\t<div class=\"wpb_text_column wpb_content_element  vc_custom_1607439363413 post-formatting\" >\n\t\t<div class=\"wpb_wrapper\">\n\t\t\t<h1>Om oss<\/h1>\n\n\t\t<\/div>\n\t<\/div>\n<\/div><\/div><\/div><\/div><\/div><div class=\"vc-row-container container\"><div class=\"vc_row wpb_row vc_row-fluid\"><div class=\"wpb_column vc_column_container vc_col-sm-12\"><div class=\"vc_column-inner\"><div class=\"wpb_wrapper\">\n\t<div  class=\"wpb_single_image wpb_content_element vc_align_left  vc_custom_1607348964634\">\n\t\t\n\t\t<figure class=\"wpb_wrapper vc_figure\">\n\t\t\t<div class=\"vc_single_image-wrapper   vc_box_border_grey\"><img loading=\"lazy\" decoding=\"async\" width=\"1920\" height=\"1000\" src=\"http:\/\/archmw.pl\/wp-content\/uploads\/2020\/12\/Projekt-bez-tytulu-3.jpg\" class=\"vc_single_image-img attachment-full\" alt=\"\" srcset=\"http:\/\/archmw.pl\/wp-content\/uploads\/2020\/12\/Projekt-bez-tytulu-3.jpg 1920w, http:\/\/archmw.pl\/wp-content\/uploads\/2020\/12\/Projekt-bez-tytulu-3-300x156.jpg 300w, http:\/\/archmw.pl\/wp-content\/uploads\/2020\/12\/Projekt-bez-tytulu-3-1024x533.jpg 1024w, http:\/\/archmw.pl\/wp-content\/uploads\/2020\/12\/Projekt-bez-tytulu-3-768x400.jpg 768w, http:\/\/archmw.pl\/wp-content\/uploads\/2020\/12\/Projekt-bez-tytulu-3-1536x800.jpg 1536w, http:\/\/archmw.pl\/wp-content\/uploads\/2020\/12\/Projekt-bez-tytulu-3-16x8.jpg 16w, http:\/\/archmw.pl\/wp-content\/uploads\/2020\/12\/Projekt-bez-tytulu-3-1612x840.jpg 1612w, http:\/\/archmw.pl\/wp-content\/uploads\/2020\/12\/Projekt-bez-tytulu-3-1116x581.jpg 1116w, http:\/\/archmw.pl\/wp-content\/uploads\/2020\/12\/Projekt-bez-tytulu-3-806x420.jpg 806w, http:\/\/archmw.pl\/wp-content\/uploads\/2020\/12\/Projekt-bez-tytulu-3-558x291.jpg 558w, http:\/\/archmw.pl\/wp-content\/uploads\/2020\/12\/Projekt-bez-tytulu-3-700x365.jpg 700w\" sizes=\"auto, (max-width: 1920px) 100vw, 1920px\" \/><\/div>\n\t\t<\/figure>\n\t<\/div>\n<div class=\"vc_empty_space\"   style=\"height: 32px\"><span class=\"vc_empty_space_inner\"><\/span><\/div><\/div><\/div><\/div><\/div><\/div><div class=\"vc-row-container container\"><div class=\"vc_row wpb_row vc_row-fluid\"><div class=\"wpb_column vc_column_container vc_col-sm-6\"><div class=\"vc_column-inner\"><div class=\"wpb_wrapper\">\n\t<div class=\"wpb_text_column wpb_content_element  post-formatting\" >\n\t\t<div class=\"wpb_wrapper\">\n\t\t\t<p>Krakowskie biuro projekt\u00f3w Architekci Miko\u0142ajski &amp; Wiese jest polsko-norwesk\u0105 Sp\u00f3\u0142k\u0105 dzia\u0142aj\u0105c\u0105 nieprzerwanie od za\u0142o\u017cenia w 1992 roku. Jej liderami s\u0105 architekci\u00a0Frithjof Wiese\u00a0i\u00a0Marian Miko\u0142ajski. W 2000 roku jako partner do\u0142\u0105czy\u0142 r\u00f3wnie\u017c architekt\u00a0Maciej Kozub.<\/p>\n<p>Dzia\u0142alno\u015b\u0107 Biura koncentruje si\u0119 na projektowaniu architektonicznym, wi\u0119kszo\u015b\u0107 wykonywanych opracowa\u0144 ma charakter pe\u0142nobran\u017cowy. Projekty obejmuj\u0105 g\u0142\u00f3wnie zespo\u0142y i pojedyncze obiekty mieszkaniowe oraz budynki u\u017cyteczno\u015bci publicznej i handlowe. S\u0105 to zar\u00f3wno obiekty ma\u0142o- i wielkokubaturowe, projektowane dla klient\u00f3w indywidualnych, firm i instytucji. Z racji wieloletniego do\u015bwiadczenia zawodowego Sp\u00f3\u0142ka \u201eArchitekci Miko\u0142ajski &amp; Wiese\u201d zajmuje si\u0119 z powodzeniem tak\u017ce doradztwem w zakresie przygotowania i prowadzenia inwestycji budowlanych oraz nadzorowaniem realizacji przedsi\u0119wzi\u0119\u0107 budowlanych. Samodzielni projektanci posiadaj\u0105 stosowne uprawnienia projektowe i s\u0105 cz\u0142onkami Izby Architekt\u00f3w.<\/p>\n\n\t\t<\/div>\n\t<\/div>\n<\/div><\/div><\/div><div class=\"wpb_column vc_column_container vc_col-sm-6\"><div class=\"vc_column-inner\"><div class=\"wpb_wrapper\">\n\t<div class=\"wpb_text_column wpb_content_element  post-formatting\" >\n\t\t<div class=\"wpb_wrapper\">\n\t\t\t<p>Od pocz\u0105tku swojego istnienia Sp\u00f3\u0142ka blisko wsp\u00f3\u0142pracuje z norweskimi firmami architektonicznymi i wykonuje projekty dla norweskich Inwestor\u00f3w. Z Biurem wsp\u00f3\u0142dzia\u0142a tak\u017ce samodzielna pracownia projektowania wn\u0119trz, kierowana przez architekt\u00a0<a href=\"https:\/\/mikolajskastudio.pl\/\">Krystyn\u0119 Miko\u0142ajsk\u0105<\/a>.<\/p>\n<p>Architekci Miko\u0142ajski &amp; Wiese wsp\u00f3\u0142pracuj\u0105 z szerokim gronem projektant\u00f3w i rzeczoznawc\u00f3w w pe\u0142nym zakresie bran\u017cowym, tworz\u0105c grup\u0119 o znacznym potencjale, kt\u00f3ra odpowiedzialnie i kompleksowo podejmuje wi\u0119ksze i trudniejsze zamierzenia projektowe, tak na terenie ca\u0142ej Polski jak i poza jej granicami.<\/p>\n<p>Sp\u00f3\u0142ka nieustannie d\u0105\u017cy do podnoszenia kwalifikacji poprzez szkolenia, udzia\u0142y w seminariach i prezentacjach nowoczesnych rozwi\u0105za\u0144 oraz podr\u00f3\u017ce studialne. Pracownicy Sp\u00f3\u0142ki odbywaj\u0105 sta\u017ce projektowe w norweskich biurach projektowych.<\/p>\n<p>Projekty i realizacje przygotowywane w biurze Architekci Miko\u0142ajski &amp; Wiese lub przy jego udziale by\u0142y wielokrotnie wyr\u00f3\u017cniane i nagradzane.<\/p>\n\n\t\t<\/div>\n\t<\/div>\n<\/div><\/div><\/div><\/div><\/div><div class=\"vc-row-container container parent--studio-awards\"><div data-vc-full-width=\"true\" data-vc-full-width-init=\"false\" class=\"vc_row wpb_row vc_row-fluid studio-awards vc_custom_1526907722484 vc_row-has-fill row-stretch\"><div class=\"wpb_column vc_column_container vc_col-sm-4\"><div class=\"vc_column-inner vc_custom_1526908080546\"><div class=\"wpb_wrapper\">\n\t<div class=\"wpb_text_column wpb_content_element  post-formatting\" >\n\t\t<div class=\"wpb_wrapper\">\n\t\t\t<h2>Nagrody<\/h2>\n\n\t\t<\/div>\n\t<\/div>\n<\/div><\/div><\/div><div class=\"wpb_column vc_column_container vc_col-sm-8\"><div class=\"vc_column-inner vc_custom_1526908084562\"><div class=\"wpb_wrapper\">\n\t<div class=\"wpb_text_column wpb_content_element  vc_custom_1732806261134 post-formatting\" >\n\t\t<div class=\"wpb_wrapper\">\n\t\t\t<h4>2020 Nagroda Wojew\u00f3dztwa Ma\u0142opolskiego im. Stanis\u0142awa Witkiewicza:<\/h4>\n<h4>III miejsce w kategorii \u201eArchitektura u\u017cyteczno\u015bci publicznej\u201d<\/h4>\n<p>&#8211; za Centrum Integracji Mieszka\u0144c\u00f3w we Wrz\u0105sowicach<\/p>\n<p>&nbsp;<\/p>\n<h4>2019 Nagroda G\u0142\u00f3wna w og\u00f3lnopolskim konkursie \u201eBudowa Roku 2019\u201d<\/h4>\n<p>&#8211; \u00a0 za Budynek wielorodzinny przy ulicy Bartosza G\u0142owackiego w Krakowie.<\/p>\n<p>&nbsp;<\/p>\n<h4>2017 II miejsce w plebiscycie wystawy &#8220;Architekci Ma\u0142opolski 2017&#8221; w kategorii &#8220;Przestrze\u0144 publiczna \/ Urbanistyka&#8221;<\/h4>\n<p>&#8211; za Amfiteatr w Wygie\u0142zowie;<\/p>\n<p>&nbsp;<\/p>\n<h4>2017 Nagroda II stopnia w og\u00f3lnopolskim konkursie \u201eBudowa Roku 2017\u201d<\/h4>\n<p>&#8211;\u00a0 za Budynek wielorodzinny przy ulicy Franciszka Bohomolca w Krakowie;<\/p>\n<p>&nbsp;<\/p>\n<h4>2015 Nagroda II stopnia w og\u00f3lnopolskim konkursie \u201eBudowa Roku 2015\u201d<\/h4>\n<p>&#8211; za Budynek wielorodzinny na Osiedlu O\u015bwiecenia w Krakowie;<\/p>\n<p>&nbsp;<\/p>\n<h4>2014 Nagroda G\u0142\u00f3wna w og\u00f3lnopolskim konkursie \u201eBudowa Roku 2014\u201d<\/h4>\n<p>&#8211;\u00a0 za Zesp\u00f3\u0142 4 budynk\u00f3w wielorodzinnych przy ulicy Franciszka Bohomolca\u00a0 w Krakowie;<\/p>\n<p>&nbsp;<\/p>\n<h4>2013 Nagroda III stopnia w og\u00f3lnopolskim konkursie \u201eBudowa Roku 2013\u201d<\/h4>\n<p>&#8211; za Budynek wielorodzinny przy ulicy Franciszka Bohomolca w Krakowie;<\/p>\n<p>&nbsp;<\/p>\n<h4>2012 Nagroda Wojew\u00f3dztwa Ma\u0142opolskiego im. Stanis\u0142awa Witkiewicza:<\/h4>\n<h4>I miejsce w kategorii \u201eArchitektura mieszkaniowa\u201d;<\/h4>\n<p>&#8211; za Zesp\u00f3\u0142\u00a0 budynk\u00f3w jednorodzinnych przy ul. Pod Strzech\u0105 w Krakowie;<\/p>\n<p>&nbsp;<\/p>\n<h4>2010 Nagroda G\u0142\u00f3wna w og\u00f3lnopolskim konkursie \u201eBudowa Roku 2010\u201d<\/h4>\n<p>&#8211; za Dom Hetma\u0144ski przy ulicy Jana Karola Chodkiewicza w Krakowie;<\/p>\n<p>&nbsp;<\/p>\n<h4>2008 Nagroda III stopnia w og\u00f3lnopolskim konkursie \u201eBudowa Roku 2008\u201d<\/h4>\n<p>&#8211; za Zesp\u00f3\u0142 4 budynk\u00f3w wielorodzinnych Sp\u00f3\u0142dzielni PIAST w rejonie ulic Mieczys\u0142awa Kar\u0142owicza i Symfonicznej w Krakowie;<\/p>\n<p>&nbsp;<\/p>\n<h4>Dyplom uznania w og\u00f3lnopolskim konkursie \u201eBudowa Roku 2007\u201d<\/h4>\n<p>&#8211; za Zesp\u00f3\u0142 2 budynk\u00f3w wielorodzinnych przy ulicy Lucjana Rydla w Krakowie;<\/p>\n<p>&nbsp;<\/p>\n<h4>2004 Norweska kandydatura do Nagrody Unii Europejskiej &#8220;Europa Nostra 2004&#8221;<\/h4>\n<p>&#8211; projekt przebudowy zabytkowych magazyn\u00f3w zbo\u017cowych na apartamenty Sinsen Panorama w Oslo (projekt we wsp\u00f3\u0142pracy z PRIDE AS, Oslo i WIZJA, Krak\u00f3w);<\/p>\n<p>&nbsp;<\/p>\n<h4>1994 Nagroda Mera Moskwy<\/h4>\n<p>&#8211; za rehabilitacj\u0119 &#8211; przebudow\u0119 dawnego Pa\u0142acu Prohorowych na central\u0119 koncernu BAYER AG (projekt we wsp\u00f3\u0142pracy z PRIDE AS Oslo);<\/p>\n<p>&nbsp;<\/p>\n<h4>Wyr\u00f3\u017cnienie w Konkursie SARP \/ SITK\u00a0 na ulic\u0119 Kazimierza Pu\u0142askiego we Wroc\u0142awiu;<\/h4>\n<p>(Marian Miko\u0142ajski w zespole prof. Andrzeja Rudnickiego)<\/p>\n<p>&nbsp;<\/p>\n<h4>1985 I miejsce w Konkursie SARP \/ SITK na Plac Grunwaldzki we Wroc\u0142awiu;<\/h4>\n<p>(Marian Miko\u0142ajski w zespole prof. Krzysztofa Biedy i prof. Andrzeja Rudnickiego)<\/p>\n\n\t\t<\/div>\n\t<\/div>\n<\/div><\/div><\/div><\/div><div class=\"vc_row-full-width vc_clearfix\"><\/div><\/div><div class=\"vc-row-container container parent--studio-press\"><div data-vc-full-width=\"true\" data-vc-full-width-init=\"false\" class=\"vc_row wpb_row vc_row-fluid studio-press vc_custom_1526907714220 vc_row-has-fill row-stretch\"><div class=\"wpb_column vc_column_container vc_col-sm-4\"><div class=\"vc_column-inner vc_custom_1526908006699\"><div class=\"wpb_wrapper\">\n\t<div class=\"wpb_text_column wpb_content_element  post-formatting\" >\n\t\t<div class=\"wpb_wrapper\">\n\t\t\t<h2>Publikacje<\/h2>\n\n\t\t<\/div>\n\t<\/div>\n<\/div><\/div><\/div><div class=\"wpb_column vc_column_container vc_col-sm-8\"><div class=\"vc_column-inner vc_custom_1526909365949\"><div class=\"wpb_wrapper\">\n\t<div class=\"wpb_text_column wpb_content_element  vc_custom_1732012270697 post-formatting\" >\n\t\t<div class=\"wpb_wrapper\">\n\t\t\t<h4><a href=\"https:\/\/www.architekturaibiznes.pl\/zespol-budynkow-mieszkalnych-w-krakowie-nagrodawitkiewicza,4252.html\">Portal Architektura &amp; Biznes<\/a><\/h4>\n<p>A&amp;B &#8211; Krak\u00f3w 2020<\/p>\n<p>&nbsp;<\/p>\n<h4><a href=\"#\">Katalog ARCHITEKCI MA\u0141OPOLSKI 2017<\/a><\/h4>\n<p>MOIA &#8211; Krak\u00f3w 2017<\/p>\n<p>&nbsp;<\/p>\n<h4><a href=\"#\">ARCH nr 1\/2017<\/a><\/h4>\n<p>(w artykule: Stanis\u0142aw De\u0144ko laureatem honorowej nagrody SARP 2016)<br \/>\nSARP &#8211; Warszawa 2017)<\/p>\n<p>&nbsp;<\/p>\n<h4><\/h4>\n<h4><a href=\"#\">Konkurs o Nagrod\u0119 Wojew\u00f3dztwa Ma\u0142opolskiego VI edycja 2012<\/a><\/h4>\n<p>Urz\u0105d Marsza\u0142kowski Wojew\u00f3dztwa Ma\u0142opolskiego, Krak\u00f3w 2012<\/p>\n<p>&nbsp;<\/p>\n<h4><a href=\"#\">Katalog ARCHITEKCI MA\u0141OPOLSKI 2010<\/a><\/h4>\n<p>MOIA &#8211; Krak\u00f3w 2010<\/p>\n\n\t\t<\/div>\n\t<\/div>\n<\/div><\/div><\/div><\/div><div class=\"vc_row-full-width vc_clearfix\"><\/div><\/div>","protected":false},"excerpt":{"rendered":"O nas Krakowskie biuro projekt\u00f3w Architekci Miko\u0142ajski &amp; Wiese jest polsko-norwesk\u0105 Sp\u00f3\u0142k\u0105 dzia\u0142aj\u0105c\u0105 nieprzerwanie od za\u0142o\u017cenia w 1992 roku. Jej liderami s\u0105 architekci\u00a0Frithjof Wiese\u00a0i\u00a0Marian Miko\u0142ajski. W 2000 roku jako partner do\u0142\u0105czy\u0142 r\u00f3wnie\u017c architekt\u00a0Maciej Kozub. Dzia\u0142alno\u015b\u0107 Biura koncentruje si\u0119 na projektowaniu architektonicznym, wi\u0119kszo\u015b\u0107 wykonywanych opracowa\u0144 ma charakter pe\u0142nobran\u017cowy. Projekty obejmuj\u0105 g\u0142\u00f3wnie zespo\u0142y i pojedyncze obiekty mieszkaniowe&hellip;","protected":false},"author":1,"featured_media":4645,"parent":0,"menu_order":0,"comment_status":"closed","ping_status":"closed","template":"","meta":{"inline_featured_image":false,"footnotes":""},"class_list":["post-2359","page","type-page","status-publish","has-post-thumbnail","hentry"],"_links":{"self":[{"href":"http:\/\/archmw.pl\/nn\/wp-json\/wp\/v2\/pages\/2359","targetHints":{"allow":["GET"]}}],"collection":[{"href":"http:\/\/archmw.pl\/nn\/wp-json\/wp\/v2\/pages"}],"about":[{"href":"http:\/\/archmw.pl\/nn\/wp-json\/wp\/v2\/types\/page"}],"author":[{"embeddable":true,"href":"http:\/\/archmw.pl\/nn\/wp-json\/wp\/v2\/users\/1"}],"replies":[{"embeddable":true,"href":"http:\/\/archmw.pl\/nn\/wp-json\/wp\/v2\/comments?post=2359"}],"version-history":[{"count":55,"href":"http:\/\/archmw.pl\/nn\/wp-json\/wp\/v2\/pages\/2359\/revisions"}],"predecessor-version":[{"id":5771,"href":"http:\/\/archmw.pl\/nn\/wp-json\/wp\/v2\/pages\/2359\/revisions\/5771"}],"wp:featuredmedia":[{"embeddable":true,"href":"http:\/\/archmw.pl\/nn\/wp-json\/wp\/v2\/media\/4645"}],"wp:attachment":[{"href":"http:\/\/archmw.pl\/nn\/wp-json\/wp\/v2\/media?parent=2359"}],"curies":[{"name":"wp","href":"https:\/\/api.w.org\/{rel}","templated":true}]}}