{"id":3283,"date":"2018-03-16T17:18:26","date_gmt":"2018-03-16T17:18:26","guid":{"rendered":"http:\/\/demo-content.kaliumtheme.com\/architecture\/?page_id=3283"},"modified":"2020-11-22T21:58:59","modified_gmt":"2020-11-22T21:58:59","slug":"our-projects","status":"publish","type":"page","link":"http:\/\/archmw.pl\/nn\/our-projects\/","title":{"rendered":"Prosjekter"},"content":{"rendered":"<div class=\"vc-row-container container\"><div class=\"vc_row wpb_row vc_row-fluid\"><div class=\"wpb_column vc_column_container vc_col-sm-12\"><div class=\"vc_column-inner\"><div class=\"wpb_wrapper\"><style data-appended-custom-css=\"true\">#projects-1.portfolio-holder .item-box .photo .on-hover {background-color: rgba(255,255,255,0.75) !important;}<\/style><style data-appended-custom-css=\"true\">#projects-1.portfolio-holder .item-box .thumb .hover-state {background-color: rgba(255,255,255,0.9) !important;}<\/style><div id=\"projects-1-container\" class=\"lab-portfolio-items portfolio-container-and-title portfolio-loop-layout-type-2  projects-page container\">\n\t\n\t<div class=\"portfolio-title-holder portfolio-title-holder--update-category-descriptions\">\n\t    <div class=\"pt-column pt-column-title\">\n        <div class=\"section-title no-bottom-margin\">\n\t\t\t            <h2>Prosjekter<\/h2>\n\t\t        <div class=\"term-description\"><\/div>\n    <\/div>\n<\/div>\n\n\t    <div class=\"pt-column pt-filters\">\n        <div class=\"product-filter\">\n            <ul class=\"portfolio-root-categories\">\n\t\t\t\t                    <li class=\"portfolio-category-all active\">\n                        <a href=\"http:\/\/archmw.pl\/nn\/projects\/\" data-term=\"*\" data-title=\"Projekty\" data-term-description=\"\">All<\/a>\n                    <\/li>\n\t\t\t\t\n\t\t\t\t                    <li class=\"portfolio-category-item portfolio-category-przemyslowa\">\n                        <a href=\"http:\/\/archmw.pl\/nn\/our-projects\/projects-category\/przemyslowa\/\"\n                           data-term=\"przemyslowa\"  data-term-description=\"\">Architektura przemys\u0142owa<\/a>\n                    <\/li>\n\t\t\t\t                    <li class=\"portfolio-category-item portfolio-category-biurowe\">\n                        <a href=\"http:\/\/archmw.pl\/nn\/our-projects\/projects-category\/biurowe\/\"\n                           data-term=\"biurowe\"  data-term-description=\"\">Budynki biurowe<\/a>\n                    <\/li>\n\t\t\t\t                    <li class=\"portfolio-category-item portfolio-category-domy\">\n                        <a href=\"http:\/\/archmw.pl\/nn\/our-projects\/projects-category\/domy\/\"\n                           data-term=\"domy\"  data-term-description=\"\">Budynki wielorodzinne<\/a>\n                    <\/li>\n\t\t\t\t                    <li class=\"portfolio-category-item portfolio-category-family\">\n                        <a href=\"http:\/\/archmw.pl\/nn\/our-projects\/projects-category\/family\/\"\n                           data-term=\"family\"  data-term-description=\"\">Domy jednorodzinne<\/a>\n                    <\/li>\n\t\t\t\t                    <li class=\"portfolio-category-item portfolio-category-urbanism\">\n                        <a href=\"http:\/\/archmw.pl\/nn\/our-projects\/projects-category\/urbanism\/\"\n                           data-term=\"urbanism\"  data-term-description=\"\">Obiekty kultury<\/a>\n                    <\/li>\n\t\t\t\t                    <li class=\"portfolio-category-item portfolio-category-uslugowe\">\n                        <a href=\"http:\/\/archmw.pl\/nn\/our-projects\/projects-category\/uslugowe\/\"\n                           data-term=\"uslugowe\"  data-term-description=\"\">Obiekty us\u0142ugowe<\/a>\n                    <\/li>\n\t\t\t\t                    <li class=\"portfolio-category-item portfolio-category-norwegia\">\n                        <a href=\"http:\/\/archmw.pl\/nn\/our-projects\/projects-category\/norwegia\/\"\n                           data-term=\"norwegia\"  data-term-description=\"\">Projekty w Norwegii<\/a>\n                    <\/li>\n\t\t\t\t            <\/ul>\n\n\t\t\t        <\/div>\n    <\/div>\n<\/div>\t\n\t<div class=\"row\">\n\t\t\n\t\t\t\t\n\t\t<div id=\"projects-1\" class=\"portfolio-holder portfolio-type-2 sort-by-js is-masonry-layout\">\n\t\t\t<div class=\"portfolio-item portfolio-item-type-1 has-padding w4 post-5729 portfolio type-portfolio status-publish has-post-thumbnail hentry portfolio_category-domy\" data-portfolio-item-id=\"5729\" data-terms=\"domy\">\n\n\t\n\t\n\t\n    <div class=\"item-box-container\">\n        <div class=\"item-box wow fadeIn\">\n            <div class=\"thumb\">\n\t\t\t\t                    <div class=\"hover-state padding hover-eff-fade-slide position-bottom-left hover-full hover-style-white opacity-no\">\n\n\t\t\t\t\t\t\n                        <div class=\"info\">\n                            <h3>\n                                <a href=\"http:\/\/archmw.pl\/nn\/projects\/budynek-wielorodzinny-ulanow\/\" class=\"item-link\" aria-label=\"Budynek wielorodzinny U\u0142an\u00f3w\">\n\t\t\t\t\t\t\t\t\tBudynek wielorodzinny U\u0142an\u00f3w                                <\/a>\n                            <\/h3>\n\t\t\t\t\t\t\t<p class=\"terms\"><a href=\"http:\/\/archmw.pl\/nn\/projects\/budynek-wielorodzinny-ulanow\/projects-category\/domy\/\" data-term=\"domy\">\n\t\t\tBudynki wielorodzinne\t\t<\/a><\/p>                        <\/div>\n                    <\/div>\n\t\t\t\t\n\t\t\t\t\t\t\t\t\t                        <a href=\"http:\/\/archmw.pl\/nn\/projects\/budynek-wielorodzinny-ulanow\/\" class=\"item-link\" aria-label=\"Budynek wielorodzinny U\u0142an\u00f3w\">\n\t\t\t\t\t\t\t<span class=\"image-placeholder\" style=\"padding-bottom:82.42857143%\"><img width=\"700\" height=\"577\" class=\"attachment-portfolio-img-3 size-portfolio-img-3 img-5730 lazyload\" alt=\"\" data-src=\"http:\/\/archmw.pl\/wp-content\/uploads\/2024\/11\/Ulanow_okladka-700x577.jpg\" data-srcset=\"http:\/\/archmw.pl\/wp-content\/uploads\/2024\/11\/Ulanow_okladka-700x577.jpg 700w, http:\/\/archmw.pl\/wp-content\/uploads\/2024\/11\/Ulanow_okladka-300x247.jpg 300w, http:\/\/archmw.pl\/wp-content\/uploads\/2024\/11\/Ulanow_okladka-1024x845.jpg 1024w, http:\/\/archmw.pl\/wp-content\/uploads\/2024\/11\/Ulanow_okladka-768x633.jpg 768w, http:\/\/archmw.pl\/wp-content\/uploads\/2024\/11\/Ulanow_okladka-1536x1267.jpg 1536w, http:\/\/archmw.pl\/wp-content\/uploads\/2024\/11\/Ulanow_okladka-15x12.jpg 15w, http:\/\/archmw.pl\/wp-content\/uploads\/2024\/11\/Ulanow_okladka-1612x1329.jpg 1612w, http:\/\/archmw.pl\/wp-content\/uploads\/2024\/11\/Ulanow_okladka-1116x920.jpg 1116w, http:\/\/archmw.pl\/wp-content\/uploads\/2024\/11\/Ulanow_okladka-806x665.jpg 806w, http:\/\/archmw.pl\/wp-content\/uploads\/2024\/11\/Ulanow_okladka-558x460.jpg 558w, http:\/\/archmw.pl\/wp-content\/uploads\/2024\/11\/Ulanow_okladka.jpg 1940w\" data-sizes=\"(max-width: 700px) 100vw, 700px\" \/><\/span>                        <\/a>\n\t\t\t\t\t\t\t\t\t            <\/div>\n        <\/div>\n    <\/div>\n\n\t\n<\/div>\n<div class=\"portfolio-item portfolio-item-type-1 has-padding w4 post-5691 portfolio type-portfolio status-publish has-post-thumbnail hentry portfolio_category-uslugowe portfolio_category-norwegia\" data-portfolio-item-id=\"5691\" data-terms=\"uslugowe norwegia\">\n\n\t\n\t\n\t\n    <div class=\"item-box-container\">\n        <div class=\"item-box wow fadeIn\">\n            <div class=\"thumb\">\n\t\t\t\t                    <div class=\"hover-state padding hover-eff-fade-slide position-bottom-left hover-full hover-style-white opacity-no\">\n\n\t\t\t\t\t\t\n                        <div class=\"info\">\n                            <h3>\n                                <a href=\"http:\/\/archmw.pl\/nn\/projects\/vilma-sjobad\/\" class=\"item-link\" aria-label=\"Vilma Sjobad\">\n\t\t\t\t\t\t\t\t\tVilma Sjobad                                <\/a>\n                            <\/h3>\n\t\t\t\t\t\t\t<p class=\"terms\"><a href=\"http:\/\/archmw.pl\/nn\/projects\/vilma-sjobad\/projects-category\/uslugowe\/\" data-term=\"uslugowe\">\n\t\t\tObiekty us\u0142ugowe\t\t<\/a>, <a href=\"http:\/\/archmw.pl\/nn\/projects\/vilma-sjobad\/projects-category\/norwegia\/\" data-term=\"norwegia\">\n\t\t\tProjekty w Norwegii\t\t<\/a><\/p>                        <\/div>\n                    <\/div>\n\t\t\t\t\n\t\t\t\t\t\t\t\t\t                        <a href=\"http:\/\/archmw.pl\/nn\/projects\/vilma-sjobad\/\" class=\"item-link\" aria-label=\"Vilma Sjobad\">\n\t\t\t\t\t\t\t<span class=\"image-placeholder\" style=\"padding-bottom:82.42857143%\"><img width=\"700\" height=\"577\" class=\"attachment-portfolio-img-3 size-portfolio-img-3 img-5693 lazyload\" alt=\"\" data-src=\"http:\/\/archmw.pl\/wp-content\/uploads\/2024\/11\/okladka-2-700x577.jpg\" data-srcset=\"http:\/\/archmw.pl\/wp-content\/uploads\/2024\/11\/okladka-2-700x577.jpg 700w, http:\/\/archmw.pl\/wp-content\/uploads\/2024\/11\/okladka-2-300x247.jpg 300w, http:\/\/archmw.pl\/wp-content\/uploads\/2024\/11\/okladka-2-1024x845.jpg 1024w, http:\/\/archmw.pl\/wp-content\/uploads\/2024\/11\/okladka-2-768x633.jpg 768w, http:\/\/archmw.pl\/wp-content\/uploads\/2024\/11\/okladka-2-1536x1267.jpg 1536w, http:\/\/archmw.pl\/wp-content\/uploads\/2024\/11\/okladka-2-15x12.jpg 15w, http:\/\/archmw.pl\/wp-content\/uploads\/2024\/11\/okladka-2-1612x1329.jpg 1612w, http:\/\/archmw.pl\/wp-content\/uploads\/2024\/11\/okladka-2-1116x920.jpg 1116w, http:\/\/archmw.pl\/wp-content\/uploads\/2024\/11\/okladka-2-806x665.jpg 806w, http:\/\/archmw.pl\/wp-content\/uploads\/2024\/11\/okladka-2-558x460.jpg 558w, http:\/\/archmw.pl\/wp-content\/uploads\/2024\/11\/okladka-2.jpg 1940w\" data-sizes=\"(max-width: 700px) 100vw, 700px\" \/><\/span>                        <\/a>\n\t\t\t\t\t\t\t\t\t            <\/div>\n        <\/div>\n    <\/div>\n\n\t\n<\/div>\n<div class=\"portfolio-item portfolio-item-type-1 has-padding w4 post-5686 portfolio type-portfolio status-publish has-post-thumbnail hentry portfolio_category-uslugowe\" data-portfolio-item-id=\"5686\" data-terms=\"uslugowe\">\n\n\t\n\t\n\t\n    <div class=\"item-box-container\">\n        <div class=\"item-box wow fadeIn\">\n            <div class=\"thumb\">\n\t\t\t\t                    <div class=\"hover-state padding hover-eff-fade-slide position-bottom-left hover-full hover-style-white opacity-no\">\n\n\t\t\t\t\t\t\n                        <div class=\"info\">\n                            <h3>\n                                <a href=\"http:\/\/archmw.pl\/nn\/projects\/przedszkole-w-myslenicach\/\" class=\"item-link\" aria-label=\"Przedszkole w My\u015blenicach\">\n\t\t\t\t\t\t\t\t\tPrzedszkole w My\u015blenicach                                <\/a>\n                            <\/h3>\n\t\t\t\t\t\t\t<p class=\"terms\"><a href=\"http:\/\/archmw.pl\/nn\/projects\/przedszkole-w-myslenicach\/projects-category\/uslugowe\/\" data-term=\"uslugowe\">\n\t\t\tObiekty us\u0142ugowe\t\t<\/a><\/p>                        <\/div>\n                    <\/div>\n\t\t\t\t\n\t\t\t\t\t\t\t\t\t                        <a href=\"http:\/\/archmw.pl\/nn\/projects\/przedszkole-w-myslenicach\/\" class=\"item-link\" aria-label=\"Przedszkole w My\u015blenicach\">\n\t\t\t\t\t\t\t<span class=\"image-placeholder\" style=\"padding-bottom:82.42857143%\"><img width=\"700\" height=\"577\" class=\"attachment-portfolio-img-3 size-portfolio-img-3 img-5689 lazyload\" alt=\"\" data-src=\"http:\/\/archmw.pl\/wp-content\/uploads\/2024\/11\/okladka-1-700x577.jpg\" data-srcset=\"http:\/\/archmw.pl\/wp-content\/uploads\/2024\/11\/okladka-1-700x577.jpg 700w, http:\/\/archmw.pl\/wp-content\/uploads\/2024\/11\/okladka-1-300x247.jpg 300w, http:\/\/archmw.pl\/wp-content\/uploads\/2024\/11\/okladka-1-1024x845.jpg 1024w, http:\/\/archmw.pl\/wp-content\/uploads\/2024\/11\/okladka-1-768x633.jpg 768w, http:\/\/archmw.pl\/wp-content\/uploads\/2024\/11\/okladka-1-1536x1267.jpg 1536w, http:\/\/archmw.pl\/wp-content\/uploads\/2024\/11\/okladka-1-15x12.jpg 15w, http:\/\/archmw.pl\/wp-content\/uploads\/2024\/11\/okladka-1-1612x1329.jpg 1612w, http:\/\/archmw.pl\/wp-content\/uploads\/2024\/11\/okladka-1-1116x920.jpg 1116w, http:\/\/archmw.pl\/wp-content\/uploads\/2024\/11\/okladka-1-806x665.jpg 806w, http:\/\/archmw.pl\/wp-content\/uploads\/2024\/11\/okladka-1-558x460.jpg 558w, http:\/\/archmw.pl\/wp-content\/uploads\/2024\/11\/okladka-1.jpg 1940w\" data-sizes=\"(max-width: 700px) 100vw, 700px\" \/><\/span>                        <\/a>\n\t\t\t\t\t\t\t\t\t            <\/div>\n        <\/div>\n    <\/div>\n\n\t\n<\/div>\n<div class=\"portfolio-item portfolio-item-type-1 has-padding w4 post-5675 portfolio type-portfolio status-publish has-post-thumbnail hentry portfolio_category-domy\" data-portfolio-item-id=\"5675\" data-terms=\"domy\">\n\n\t\n\t\n\t\n    <div class=\"item-box-container\">\n        <div class=\"item-box wow fadeIn\">\n            <div class=\"thumb\">\n\t\t\t\t                    <div class=\"hover-state padding hover-eff-fade-slide position-bottom-left hover-full hover-style-white opacity-no\">\n\n\t\t\t\t\t\t\n                        <div class=\"info\">\n                            <h3>\n                                <a href=\"http:\/\/archmw.pl\/nn\/projects\/budynki-mieszkalne\/\" class=\"item-link\" aria-label=\"Budynki mieszkalne &lt;br&gt; przy ul. G\u0142owackiego\">\n\t\t\t\t\t\t\t\t\tBudynki mieszkalne <br> przy ul. G\u0142owackiego                                <\/a>\n                            <\/h3>\n\t\t\t\t\t\t\t<p class=\"terms\"><a href=\"http:\/\/archmw.pl\/nn\/projects\/budynki-mieszkalne\/projects-category\/domy\/\" data-term=\"domy\">\n\t\t\tBudynki wielorodzinne\t\t<\/a><\/p>                        <\/div>\n                    <\/div>\n\t\t\t\t\n\t\t\t\t\t\t\t\t\t                        <a href=\"http:\/\/archmw.pl\/nn\/projects\/budynki-mieszkalne\/\" class=\"item-link\" aria-label=\"Budynki mieszkalne &lt;br&gt; przy ul. G\u0142owackiego\">\n\t\t\t\t\t\t\t<span class=\"image-placeholder\" style=\"padding-bottom:75.00000000%\"><img width=\"700\" height=\"525\" class=\"attachment-portfolio-img-3 size-portfolio-img-3 img-5743 lazyload\" alt=\"\" data-src=\"http:\/\/archmw.pl\/wp-content\/uploads\/2024\/11\/Glowackiego_1-700x525.jpg\" data-srcset=\"http:\/\/archmw.pl\/wp-content\/uploads\/2024\/11\/Glowackiego_1-700x525.jpg 700w, http:\/\/archmw.pl\/wp-content\/uploads\/2024\/11\/Glowackiego_1-300x225.jpg 300w, http:\/\/archmw.pl\/wp-content\/uploads\/2024\/11\/Glowackiego_1-1024x768.jpg 1024w, http:\/\/archmw.pl\/wp-content\/uploads\/2024\/11\/Glowackiego_1-768x576.jpg 768w, http:\/\/archmw.pl\/wp-content\/uploads\/2024\/11\/Glowackiego_1-1536x1152.jpg 1536w, http:\/\/archmw.pl\/wp-content\/uploads\/2024\/11\/Glowackiego_1-2048x1536.jpg 2048w, http:\/\/archmw.pl\/wp-content\/uploads\/2024\/11\/Glowackiego_1-16x12.jpg 16w, http:\/\/archmw.pl\/wp-content\/uploads\/2024\/11\/Glowackiego_1-1612x1209.jpg 1612w, http:\/\/archmw.pl\/wp-content\/uploads\/2024\/11\/Glowackiego_1-1116x837.jpg 1116w, http:\/\/archmw.pl\/wp-content\/uploads\/2024\/11\/Glowackiego_1-806x605.jpg 806w, http:\/\/archmw.pl\/wp-content\/uploads\/2024\/11\/Glowackiego_1-558x419.jpg 558w\" data-sizes=\"(max-width: 700px) 100vw, 700px\" \/><\/span>                        <\/a>\n\t\t\t\t\t\t\t\t\t            <\/div>\n        <\/div>\n    <\/div>\n\n\t\n<\/div>\n<div class=\"portfolio-item portfolio-item-type-1 has-padding w4 post-5613 portfolio type-portfolio status-publish has-post-thumbnail hentry portfolio_category-domy\" data-portfolio-item-id=\"5613\" data-terms=\"domy\">\n\n\t\n\t\n\t\n    <div class=\"item-box-container\">\n        <div class=\"item-box wow fadeIn\">\n            <div class=\"thumb\">\n\t\t\t\t                    <div class=\"hover-state padding hover-eff-fade-slide position-bottom-left hover-full hover-style-white opacity-no\">\n\n\t\t\t\t\t\t\n                        <div class=\"info\">\n                            <h3>\n                                <a href=\"http:\/\/archmw.pl\/nn\/projects\/budynki-mieszkalne-ul-wrzosowa\/\" class=\"item-link\" aria-label=\"Budynki mieszkalne &lt;br&gt; ul. Wrzosowa, Tarn&oacute;w\">\n\t\t\t\t\t\t\t\t\tBudynki mieszkalne <br> ul. Wrzosowa, Tarn\u00f3w                                <\/a>\n                            <\/h3>\n\t\t\t\t\t\t\t<p class=\"terms\"><a href=\"http:\/\/archmw.pl\/nn\/projects\/budynki-mieszkalne-ul-wrzosowa\/projects-category\/domy\/\" data-term=\"domy\">\n\t\t\tBudynki wielorodzinne\t\t<\/a><\/p>                        <\/div>\n                    <\/div>\n\t\t\t\t\n\t\t\t\t\t\t\t\t\t                        <a href=\"http:\/\/archmw.pl\/nn\/projects\/budynki-mieszkalne-ul-wrzosowa\/\" class=\"item-link\" aria-label=\"Budynki mieszkalne &lt;br&gt; ul. Wrzosowa, Tarn&oacute;w\">\n\t\t\t\t\t\t\t<span class=\"image-placeholder\" style=\"padding-bottom:82.42857143%\"><img width=\"700\" height=\"577\" class=\"attachment-portfolio-img-3 size-portfolio-img-3 img-5616 lazyload\" alt=\"\" data-src=\"http:\/\/archmw.pl\/wp-content\/uploads\/2024\/11\/Bud_wielorodzinne_Wrzosowa_okladka-700x577.jpg\" data-srcset=\"http:\/\/archmw.pl\/wp-content\/uploads\/2024\/11\/Bud_wielorodzinne_Wrzosowa_okladka-700x577.jpg 700w, http:\/\/archmw.pl\/wp-content\/uploads\/2024\/11\/Bud_wielorodzinne_Wrzosowa_okladka-300x247.jpg 300w, http:\/\/archmw.pl\/wp-content\/uploads\/2024\/11\/Bud_wielorodzinne_Wrzosowa_okladka-1024x845.jpg 1024w, http:\/\/archmw.pl\/wp-content\/uploads\/2024\/11\/Bud_wielorodzinne_Wrzosowa_okladka-768x633.jpg 768w, http:\/\/archmw.pl\/wp-content\/uploads\/2024\/11\/Bud_wielorodzinne_Wrzosowa_okladka-1536x1267.jpg 1536w, http:\/\/archmw.pl\/wp-content\/uploads\/2024\/11\/Bud_wielorodzinne_Wrzosowa_okladka-15x12.jpg 15w, http:\/\/archmw.pl\/wp-content\/uploads\/2024\/11\/Bud_wielorodzinne_Wrzosowa_okladka-1612x1329.jpg 1612w, http:\/\/archmw.pl\/wp-content\/uploads\/2024\/11\/Bud_wielorodzinne_Wrzosowa_okladka-1116x920.jpg 1116w, http:\/\/archmw.pl\/wp-content\/uploads\/2024\/11\/Bud_wielorodzinne_Wrzosowa_okladka-806x665.jpg 806w, http:\/\/archmw.pl\/wp-content\/uploads\/2024\/11\/Bud_wielorodzinne_Wrzosowa_okladka-558x460.jpg 558w, http:\/\/archmw.pl\/wp-content\/uploads\/2024\/11\/Bud_wielorodzinne_Wrzosowa_okladka.jpg 1940w\" data-sizes=\"(max-width: 700px) 100vw, 700px\" \/><\/span>                        <\/a>\n\t\t\t\t\t\t\t\t\t            <\/div>\n        <\/div>\n    <\/div>\n\n\t\n<\/div>\n<div class=\"portfolio-item portfolio-item-type-1 has-padding w4 post-5607 portfolio type-portfolio status-publish has-post-thumbnail hentry\" data-portfolio-item-id=\"5607\">\n\n\t\n\t\n\t\n    <div class=\"item-box-container\">\n        <div class=\"item-box wow fadeIn\">\n            <div class=\"thumb\">\n\t\t\t\t                    <div class=\"hover-state padding hover-eff-fade-slide position-bottom-left hover-full hover-style-white opacity-no\">\n\n\t\t\t\t\t\t\n                        <div class=\"info\">\n                            <h3>\n                                <a href=\"http:\/\/archmw.pl\/nn\/projects\/5607\/\" class=\"item-link\" aria-label=\"Dom Stra\u017caka\">\n\t\t\t\t\t\t\t\t\tDom Stra\u017caka                                <\/a>\n                            <\/h3>\n\t\t\t\t\t\t\t                        <\/div>\n                    <\/div>\n\t\t\t\t\n\t\t\t\t\t\t\t\t\t                        <a href=\"http:\/\/archmw.pl\/nn\/projects\/5607\/\" class=\"item-link\" aria-label=\"Dom Stra\u017caka\">\n\t\t\t\t\t\t\t<span class=\"image-placeholder\" style=\"padding-bottom:82.42857143%\"><img width=\"700\" height=\"577\" class=\"attachment-portfolio-img-3 size-portfolio-img-3 img-5610 lazyload\" alt=\"\" data-src=\"http:\/\/archmw.pl\/wp-content\/uploads\/2024\/11\/Dom_strazaka_Pcim_okladka-700x577.jpg\" data-srcset=\"http:\/\/archmw.pl\/wp-content\/uploads\/2024\/11\/Dom_strazaka_Pcim_okladka-700x577.jpg 700w, http:\/\/archmw.pl\/wp-content\/uploads\/2024\/11\/Dom_strazaka_Pcim_okladka-300x247.jpg 300w, http:\/\/archmw.pl\/wp-content\/uploads\/2024\/11\/Dom_strazaka_Pcim_okladka-1024x845.jpg 1024w, http:\/\/archmw.pl\/wp-content\/uploads\/2024\/11\/Dom_strazaka_Pcim_okladka-768x633.jpg 768w, http:\/\/archmw.pl\/wp-content\/uploads\/2024\/11\/Dom_strazaka_Pcim_okladka-1536x1267.jpg 1536w, http:\/\/archmw.pl\/wp-content\/uploads\/2024\/11\/Dom_strazaka_Pcim_okladka-15x12.jpg 15w, http:\/\/archmw.pl\/wp-content\/uploads\/2024\/11\/Dom_strazaka_Pcim_okladka-1612x1329.jpg 1612w, http:\/\/archmw.pl\/wp-content\/uploads\/2024\/11\/Dom_strazaka_Pcim_okladka-1116x920.jpg 1116w, http:\/\/archmw.pl\/wp-content\/uploads\/2024\/11\/Dom_strazaka_Pcim_okladka-806x665.jpg 806w, http:\/\/archmw.pl\/wp-content\/uploads\/2024\/11\/Dom_strazaka_Pcim_okladka-558x460.jpg 558w, http:\/\/archmw.pl\/wp-content\/uploads\/2024\/11\/Dom_strazaka_Pcim_okladka.jpg 1940w\" data-sizes=\"(max-width: 700px) 100vw, 700px\" \/><\/span>                        <\/a>\n\t\t\t\t\t\t\t\t\t            <\/div>\n        <\/div>\n    <\/div>\n\n\t\n<\/div>\n<div class=\"portfolio-item portfolio-item-type-1 has-padding w4 post-5601 portfolio type-portfolio status-publish has-post-thumbnail hentry portfolio_category-domy\" data-portfolio-item-id=\"5601\" data-terms=\"domy\">\n\n\t\n\t\n\t\n    <div class=\"item-box-container\">\n        <div class=\"item-box wow fadeIn\">\n            <div class=\"thumb\">\n\t\t\t\t                    <div class=\"hover-state padding hover-eff-fade-slide position-bottom-left hover-full hover-style-white opacity-no\">\n\n\t\t\t\t\t\t\n                        <div class=\"info\">\n                            <h3>\n                                <a href=\"http:\/\/archmw.pl\/nn\/projects\/budynki-mieszkalne-ul-stawowa\/\" class=\"item-link\" aria-label=\"Budynki mieszkalne &lt;br&gt; ul. Stawowa, Krak&oacute;w\">\n\t\t\t\t\t\t\t\t\tBudynki mieszkalne <br> ul. Stawowa, Krak\u00f3w                                <\/a>\n                            <\/h3>\n\t\t\t\t\t\t\t<p class=\"terms\"><a href=\"http:\/\/archmw.pl\/nn\/projects\/budynki-mieszkalne-ul-stawowa\/projects-category\/domy\/\" data-term=\"domy\">\n\t\t\tBudynki wielorodzinne\t\t<\/a><\/p>                        <\/div>\n                    <\/div>\n\t\t\t\t\n\t\t\t\t\t\t\t\t\t                        <a href=\"http:\/\/archmw.pl\/nn\/projects\/budynki-mieszkalne-ul-stawowa\/\" class=\"item-link\" aria-label=\"Budynki mieszkalne &lt;br&gt; ul. Stawowa, Krak&oacute;w\">\n\t\t\t\t\t\t\t<span class=\"image-placeholder\" style=\"padding-bottom:82.42857143%\"><img width=\"700\" height=\"577\" class=\"attachment-portfolio-img-3 size-portfolio-img-3 img-5606 lazyload\" alt=\"\" data-src=\"http:\/\/archmw.pl\/wp-content\/uploads\/2024\/11\/Bud_wielorodzinne_Stawowa_II_okladka-1-700x577.jpg\" data-srcset=\"http:\/\/archmw.pl\/wp-content\/uploads\/2024\/11\/Bud_wielorodzinne_Stawowa_II_okladka-1-700x577.jpg 700w, http:\/\/archmw.pl\/wp-content\/uploads\/2024\/11\/Bud_wielorodzinne_Stawowa_II_okladka-1-300x247.jpg 300w, http:\/\/archmw.pl\/wp-content\/uploads\/2024\/11\/Bud_wielorodzinne_Stawowa_II_okladka-1-1024x845.jpg 1024w, http:\/\/archmw.pl\/wp-content\/uploads\/2024\/11\/Bud_wielorodzinne_Stawowa_II_okladka-1-768x633.jpg 768w, http:\/\/archmw.pl\/wp-content\/uploads\/2024\/11\/Bud_wielorodzinne_Stawowa_II_okladka-1-1536x1267.jpg 1536w, http:\/\/archmw.pl\/wp-content\/uploads\/2024\/11\/Bud_wielorodzinne_Stawowa_II_okladka-1-15x12.jpg 15w, http:\/\/archmw.pl\/wp-content\/uploads\/2024\/11\/Bud_wielorodzinne_Stawowa_II_okladka-1-1612x1329.jpg 1612w, http:\/\/archmw.pl\/wp-content\/uploads\/2024\/11\/Bud_wielorodzinne_Stawowa_II_okladka-1-1116x920.jpg 1116w, http:\/\/archmw.pl\/wp-content\/uploads\/2024\/11\/Bud_wielorodzinne_Stawowa_II_okladka-1-806x665.jpg 806w, http:\/\/archmw.pl\/wp-content\/uploads\/2024\/11\/Bud_wielorodzinne_Stawowa_II_okladka-1-558x460.jpg 558w, http:\/\/archmw.pl\/wp-content\/uploads\/2024\/11\/Bud_wielorodzinne_Stawowa_II_okladka-1.jpg 1940w\" data-sizes=\"(max-width: 700px) 100vw, 700px\" \/><\/span>                        <\/a>\n\t\t\t\t\t\t\t\t\t            <\/div>\n        <\/div>\n    <\/div>\n\n\t\n<\/div>\n<div class=\"portfolio-item portfolio-item-type-1 has-padding w4 post-5593 portfolio type-portfolio status-publish has-post-thumbnail hentry portfolio_category-family\" data-portfolio-item-id=\"5593\" data-terms=\"family\">\n\n\t\n\t\n\t\n    <div class=\"item-box-container\">\n        <div class=\"item-box wow fadeIn\">\n            <div class=\"thumb\">\n\t\t\t\t                    <div class=\"hover-state padding hover-eff-fade-slide position-bottom-left hover-full hover-style-white opacity-no\">\n\n\t\t\t\t\t\t\n                        <div class=\"info\">\n                            <h3>\n                                <a href=\"http:\/\/archmw.pl\/nn\/projects\/dom-w-myslowicach\/\" class=\"item-link\" aria-label=\"Dom w Mys\u0142owicach\">\n\t\t\t\t\t\t\t\t\tDom w Mys\u0142owicach                                <\/a>\n                            <\/h3>\n\t\t\t\t\t\t\t<p class=\"terms\"><a href=\"http:\/\/archmw.pl\/nn\/projects\/dom-w-myslowicach\/projects-category\/family\/\" data-term=\"family\">\n\t\t\tDomy jednorodzinne\t\t<\/a><\/p>                        <\/div>\n                    <\/div>\n\t\t\t\t\n\t\t\t\t\t\t\t\t\t                        <a href=\"http:\/\/archmw.pl\/nn\/projects\/dom-w-myslowicach\/\" class=\"item-link\" aria-label=\"Dom w Mys\u0142owicach\">\n\t\t\t\t\t\t\t<span class=\"image-placeholder\" style=\"padding-bottom:82.42857143%\"><img width=\"700\" height=\"577\" class=\"attachment-portfolio-img-3 size-portfolio-img-3 img-5598 lazyload\" alt=\"\" data-src=\"http:\/\/archmw.pl\/wp-content\/uploads\/2024\/11\/Dom_w_Myslowicach__okladka-700x577.jpg\" data-srcset=\"http:\/\/archmw.pl\/wp-content\/uploads\/2024\/11\/Dom_w_Myslowicach__okladka-700x577.jpg 700w, http:\/\/archmw.pl\/wp-content\/uploads\/2024\/11\/Dom_w_Myslowicach__okladka-300x247.jpg 300w, http:\/\/archmw.pl\/wp-content\/uploads\/2024\/11\/Dom_w_Myslowicach__okladka-1024x845.jpg 1024w, http:\/\/archmw.pl\/wp-content\/uploads\/2024\/11\/Dom_w_Myslowicach__okladka-768x633.jpg 768w, http:\/\/archmw.pl\/wp-content\/uploads\/2024\/11\/Dom_w_Myslowicach__okladka-1536x1267.jpg 1536w, http:\/\/archmw.pl\/wp-content\/uploads\/2024\/11\/Dom_w_Myslowicach__okladka-15x12.jpg 15w, http:\/\/archmw.pl\/wp-content\/uploads\/2024\/11\/Dom_w_Myslowicach__okladka-1612x1329.jpg 1612w, http:\/\/archmw.pl\/wp-content\/uploads\/2024\/11\/Dom_w_Myslowicach__okladka-1116x920.jpg 1116w, http:\/\/archmw.pl\/wp-content\/uploads\/2024\/11\/Dom_w_Myslowicach__okladka-806x665.jpg 806w, http:\/\/archmw.pl\/wp-content\/uploads\/2024\/11\/Dom_w_Myslowicach__okladka-558x460.jpg 558w, http:\/\/archmw.pl\/wp-content\/uploads\/2024\/11\/Dom_w_Myslowicach__okladka.jpg 1940w\" data-sizes=\"(max-width: 700px) 100vw, 700px\" \/><\/span>                        <\/a>\n\t\t\t\t\t\t\t\t\t            <\/div>\n        <\/div>\n    <\/div>\n\n\t\n<\/div>\n<div class=\"portfolio-item portfolio-item-type-1 has-padding w4 post-5409 portfolio type-portfolio status-publish has-post-thumbnail hentry portfolio_category-family portfolio_category-norwegia\" data-portfolio-item-id=\"5409\" data-terms=\"family norwegia\">\n\n\t\n\t\n\t\n    <div class=\"item-box-container\">\n        <div class=\"item-box wow fadeIn\">\n            <div class=\"thumb\">\n\t\t\t\t                    <div class=\"hover-state padding hover-eff-fade-slide position-bottom-left hover-full hover-style-white opacity-no\">\n\n\t\t\t\t\t\t\n                        <div class=\"info\">\n                            <h3>\n                                <a href=\"http:\/\/archmw.pl\/nn\/projects\/bergensveien-41\/\" class=\"item-link\" aria-label=\"Bergensveien 41\">\n\t\t\t\t\t\t\t\t\tBergensveien 41                                <\/a>\n                            <\/h3>\n\t\t\t\t\t\t\t<p class=\"terms\"><a href=\"http:\/\/archmw.pl\/nn\/projects\/bergensveien-41\/projects-category\/family\/\" data-term=\"family\">\n\t\t\tDomy jednorodzinne\t\t<\/a>, <a href=\"http:\/\/archmw.pl\/nn\/projects\/bergensveien-41\/projects-category\/norwegia\/\" data-term=\"norwegia\">\n\t\t\tProjekty w Norwegii\t\t<\/a><\/p>                        <\/div>\n                    <\/div>\n\t\t\t\t\n\t\t\t\t\t\t\t\t\t                        <a href=\"http:\/\/archmw.pl\/nn\/projects\/bergensveien-41\/\" class=\"item-link\" aria-label=\"Bergensveien 41\">\n\t\t\t\t\t\t\t<span class=\"image-placeholder\" style=\"padding-bottom:82.42857143%\"><img width=\"700\" height=\"577\" class=\"attachment-portfolio-img-3 size-portfolio-img-3 img-5647 lazyload\" alt=\"\" data-src=\"http:\/\/archmw.pl\/wp-content\/uploads\/2021\/02\/Bez-nazwy-1-700x577.jpg\" data-srcset=\"http:\/\/archmw.pl\/wp-content\/uploads\/2021\/02\/Bez-nazwy-1-700x577.jpg 700w, http:\/\/archmw.pl\/wp-content\/uploads\/2021\/02\/Bez-nazwy-1-300x247.jpg 300w, http:\/\/archmw.pl\/wp-content\/uploads\/2021\/02\/Bez-nazwy-1-1024x845.jpg 1024w, http:\/\/archmw.pl\/wp-content\/uploads\/2021\/02\/Bez-nazwy-1-768x633.jpg 768w, http:\/\/archmw.pl\/wp-content\/uploads\/2021\/02\/Bez-nazwy-1-1536x1267.jpg 1536w, http:\/\/archmw.pl\/wp-content\/uploads\/2021\/02\/Bez-nazwy-1-15x12.jpg 15w, http:\/\/archmw.pl\/wp-content\/uploads\/2021\/02\/Bez-nazwy-1-1612x1329.jpg 1612w, http:\/\/archmw.pl\/wp-content\/uploads\/2021\/02\/Bez-nazwy-1-1116x920.jpg 1116w, http:\/\/archmw.pl\/wp-content\/uploads\/2021\/02\/Bez-nazwy-1-806x665.jpg 806w, http:\/\/archmw.pl\/wp-content\/uploads\/2021\/02\/Bez-nazwy-1-558x460.jpg 558w, http:\/\/archmw.pl\/wp-content\/uploads\/2021\/02\/Bez-nazwy-1.jpg 1940w\" data-sizes=\"(max-width: 700px) 100vw, 700px\" \/><\/span>                        <\/a>\n\t\t\t\t\t\t\t\t\t            <\/div>\n        <\/div>\n    <\/div>\n\n\t\n<\/div>\n<div class=\"portfolio-item portfolio-item-type-1 has-padding w4 post-5403 portfolio type-portfolio status-publish has-post-thumbnail hentry portfolio_category-family portfolio_category-norwegia\" data-portfolio-item-id=\"5403\" data-terms=\"family norwegia\">\n\n\t\n\t\n\t\n    <div class=\"item-box-container\">\n        <div class=\"item-box wow fadeIn\">\n            <div class=\"thumb\">\n\t\t\t\t                    <div class=\"hover-state padding hover-eff-fade-slide position-bottom-left hover-full hover-style-white opacity-no\">\n\n\t\t\t\t\t\t\n                        <div class=\"info\">\n                            <h3>\n                                <a href=\"http:\/\/archmw.pl\/nn\/projects\/hytta\/\" class=\"item-link\" aria-label=\"Hytta\">\n\t\t\t\t\t\t\t\t\tHytta                                <\/a>\n                            <\/h3>\n\t\t\t\t\t\t\t<p class=\"terms\"><a href=\"http:\/\/archmw.pl\/nn\/projects\/hytta\/projects-category\/family\/\" data-term=\"family\">\n\t\t\tDomy jednorodzinne\t\t<\/a>, <a href=\"http:\/\/archmw.pl\/nn\/projects\/hytta\/projects-category\/norwegia\/\" data-term=\"norwegia\">\n\t\t\tProjekty w Norwegii\t\t<\/a><\/p>                        <\/div>\n                    <\/div>\n\t\t\t\t\n\t\t\t\t\t\t\t\t\t                        <a href=\"http:\/\/archmw.pl\/nn\/projects\/hytta\/\" class=\"item-link\" aria-label=\"Hytta\">\n\t\t\t\t\t\t\t<span class=\"image-placeholder\" style=\"padding-bottom:56.28571429%\"><img width=\"700\" height=\"394\" class=\"attachment-portfolio-img-3 size-portfolio-img-3 img-5405 lazyload\" alt=\"\" data-src=\"http:\/\/archmw.pl\/wp-content\/uploads\/2021\/02\/2-700x394.jpg\" data-srcset=\"http:\/\/archmw.pl\/wp-content\/uploads\/2021\/02\/2-700x394.jpg 700w, http:\/\/archmw.pl\/wp-content\/uploads\/2021\/02\/2-300x169.jpg 300w, http:\/\/archmw.pl\/wp-content\/uploads\/2021\/02\/2-1024x576.jpg 1024w, http:\/\/archmw.pl\/wp-content\/uploads\/2021\/02\/2-768x432.jpg 768w, http:\/\/archmw.pl\/wp-content\/uploads\/2021\/02\/2-1536x864.jpg 1536w, http:\/\/archmw.pl\/wp-content\/uploads\/2021\/02\/2-2048x1152.jpg 2048w, http:\/\/archmw.pl\/wp-content\/uploads\/2021\/02\/2-16x9.jpg 16w, http:\/\/archmw.pl\/wp-content\/uploads\/2021\/02\/2-1612x907.jpg 1612w, http:\/\/archmw.pl\/wp-content\/uploads\/2021\/02\/2-1116x628.jpg 1116w, http:\/\/archmw.pl\/wp-content\/uploads\/2021\/02\/2-806x453.jpg 806w, http:\/\/archmw.pl\/wp-content\/uploads\/2021\/02\/2-558x314.jpg 558w\" data-sizes=\"(max-width: 700px) 100vw, 700px\" \/><\/span>                        <\/a>\n\t\t\t\t\t\t\t\t\t            <\/div>\n        <\/div>\n    <\/div>\n\n\t\n<\/div>\n<div class=\"portfolio-item portfolio-item-type-1 has-padding w4 post-5367 portfolio type-portfolio status-publish has-post-thumbnail hentry portfolio_category-domy portfolio_category-norwegia\" data-portfolio-item-id=\"5367\" data-terms=\"domy norwegia\">\n\n\t\n\t\n\t\n    <div class=\"item-box-container\">\n        <div class=\"item-box wow fadeIn\">\n            <div class=\"thumb\">\n\t\t\t\t                    <div class=\"hover-state padding hover-eff-fade-slide position-bottom-left hover-full hover-style-white opacity-no\">\n\n\t\t\t\t\t\t\n                        <div class=\"info\">\n                            <h3>\n                                <a href=\"http:\/\/archmw.pl\/nn\/projects\/betzy-kjelbergs-vei\/\" class=\"item-link\" aria-label=\"Betzy Kjelbergs vei\">\n\t\t\t\t\t\t\t\t\tBetzy Kjelbergs vei                                <\/a>\n                            <\/h3>\n\t\t\t\t\t\t\t<p class=\"terms\"><a href=\"http:\/\/archmw.pl\/nn\/projects\/betzy-kjelbergs-vei\/projects-category\/domy\/\" data-term=\"domy\">\n\t\t\tBudynki wielorodzinne\t\t<\/a>, <a href=\"http:\/\/archmw.pl\/nn\/projects\/betzy-kjelbergs-vei\/projects-category\/norwegia\/\" data-term=\"norwegia\">\n\t\t\tProjekty w Norwegii\t\t<\/a><\/p>                        <\/div>\n                    <\/div>\n\t\t\t\t\n\t\t\t\t\t\t\t\t\t                        <a href=\"http:\/\/archmw.pl\/nn\/projects\/betzy-kjelbergs-vei\/\" class=\"item-link\" aria-label=\"Betzy Kjelbergs vei\">\n\t\t\t\t\t\t\t<span class=\"image-placeholder\" style=\"padding-bottom:56.28571429%\"><img width=\"700\" height=\"394\" class=\"attachment-portfolio-img-3 size-portfolio-img-3 img-5370 lazyload\" alt=\"\" data-src=\"http:\/\/archmw.pl\/wp-content\/uploads\/2021\/01\/2-700x394.jpg\" data-srcset=\"http:\/\/archmw.pl\/wp-content\/uploads\/2021\/01\/2-700x394.jpg 700w, http:\/\/archmw.pl\/wp-content\/uploads\/2021\/01\/2-300x169.jpg 300w, http:\/\/archmw.pl\/wp-content\/uploads\/2021\/01\/2-1024x576.jpg 1024w, http:\/\/archmw.pl\/wp-content\/uploads\/2021\/01\/2-768x432.jpg 768w, http:\/\/archmw.pl\/wp-content\/uploads\/2021\/01\/2-1536x864.jpg 1536w, http:\/\/archmw.pl\/wp-content\/uploads\/2021\/01\/2-2048x1152.jpg 2048w, http:\/\/archmw.pl\/wp-content\/uploads\/2021\/01\/2-16x9.jpg 16w, http:\/\/archmw.pl\/wp-content\/uploads\/2021\/01\/2-1612x907.jpg 1612w, http:\/\/archmw.pl\/wp-content\/uploads\/2021\/01\/2-1116x628.jpg 1116w, http:\/\/archmw.pl\/wp-content\/uploads\/2021\/01\/2-806x453.jpg 806w, http:\/\/archmw.pl\/wp-content\/uploads\/2021\/01\/2-558x314.jpg 558w\" data-sizes=\"(max-width: 700px) 100vw, 700px\" \/><\/span>                        <\/a>\n\t\t\t\t\t\t\t\t\t            <\/div>\n        <\/div>\n    <\/div>\n\n\t\n<\/div>\n<div class=\"portfolio-item portfolio-item-type-1 has-padding w4 post-5247 portfolio type-portfolio status-publish has-post-thumbnail hentry portfolio_category-family portfolio_category-norwegia\" data-portfolio-item-id=\"5247\" data-terms=\"family norwegia\">\n\n\t\n\t\n\t\n    <div class=\"item-box-container\">\n        <div class=\"item-box wow fadeIn\">\n            <div class=\"thumb\">\n\t\t\t\t                    <div class=\"hover-state padding hover-eff-fade-slide position-bottom-left hover-full hover-style-white opacity-no\">\n\n\t\t\t\t\t\t\n                        <div class=\"info\">\n                            <h3>\n                                <a href=\"http:\/\/archmw.pl\/nn\/projects\/strosand-strand\/\" class=\"item-link\" aria-label=\"Storsand Strand\">\n\t\t\t\t\t\t\t\t\tStorsand Strand                                <\/a>\n                            <\/h3>\n\t\t\t\t\t\t\t<p class=\"terms\"><a href=\"http:\/\/archmw.pl\/nn\/projects\/strosand-strand\/projects-category\/family\/\" data-term=\"family\">\n\t\t\tDomy jednorodzinne\t\t<\/a>, <a href=\"http:\/\/archmw.pl\/nn\/projects\/strosand-strand\/projects-category\/norwegia\/\" data-term=\"norwegia\">\n\t\t\tProjekty w Norwegii\t\t<\/a><\/p>                        <\/div>\n                    <\/div>\n\t\t\t\t\n\t\t\t\t\t\t\t\t\t                        <a href=\"http:\/\/archmw.pl\/nn\/projects\/strosand-strand\/\" class=\"item-link\" aria-label=\"Storsand Strand\">\n\t\t\t\t\t\t\t<span class=\"image-placeholder\" style=\"padding-bottom:56.28571429%\"><img width=\"700\" height=\"394\" class=\"attachment-portfolio-img-3 size-portfolio-img-3 img-5248 lazyload\" alt=\"\" data-src=\"http:\/\/archmw.pl\/wp-content\/uploads\/2020\/12\/1-7-700x394.jpg\" data-srcset=\"http:\/\/archmw.pl\/wp-content\/uploads\/2020\/12\/1-7-700x394.jpg 700w, http:\/\/archmw.pl\/wp-content\/uploads\/2020\/12\/1-7-300x169.jpg 300w, http:\/\/archmw.pl\/wp-content\/uploads\/2020\/12\/1-7-1024x576.jpg 1024w, http:\/\/archmw.pl\/wp-content\/uploads\/2020\/12\/1-7-768x432.jpg 768w, http:\/\/archmw.pl\/wp-content\/uploads\/2020\/12\/1-7-1536x864.jpg 1536w, http:\/\/archmw.pl\/wp-content\/uploads\/2020\/12\/1-7-2048x1152.jpg 2048w, http:\/\/archmw.pl\/wp-content\/uploads\/2020\/12\/1-7-1612x907.jpg 1612w, http:\/\/archmw.pl\/wp-content\/uploads\/2020\/12\/1-7-1116x628.jpg 1116w, http:\/\/archmw.pl\/wp-content\/uploads\/2020\/12\/1-7-806x453.jpg 806w, http:\/\/archmw.pl\/wp-content\/uploads\/2020\/12\/1-7-558x314.jpg 558w\" data-sizes=\"(max-width: 700px) 100vw, 700px\" \/><\/span>                        <\/a>\n\t\t\t\t\t\t\t\t\t            <\/div>\n        <\/div>\n    <\/div>\n\n\t\n<\/div>\n<div class=\"portfolio-item portfolio-item-type-1 has-padding w4 post-5243 portfolio type-portfolio status-publish has-post-thumbnail hentry portfolio_category-family portfolio_category-norwegia\" data-portfolio-item-id=\"5243\" data-terms=\"family norwegia\">\n\n\t\n\t\n\t\n    <div class=\"item-box-container\">\n        <div class=\"item-box wow fadeIn\">\n            <div class=\"thumb\">\n\t\t\t\t                    <div class=\"hover-state padding hover-eff-fade-slide position-bottom-left hover-full hover-style-white opacity-no\">\n\n\t\t\t\t\t\t\n                        <div class=\"info\">\n                            <h3>\n                                <a href=\"http:\/\/archmw.pl\/nn\/projects\/sofiemyr\/\" class=\"item-link\" aria-label=\"Sofiemyr\">\n\t\t\t\t\t\t\t\t\tSofiemyr                                <\/a>\n                            <\/h3>\n\t\t\t\t\t\t\t<p class=\"terms\"><a href=\"http:\/\/archmw.pl\/nn\/projects\/sofiemyr\/projects-category\/family\/\" data-term=\"family\">\n\t\t\tDomy jednorodzinne\t\t<\/a>, <a href=\"http:\/\/archmw.pl\/nn\/projects\/sofiemyr\/projects-category\/norwegia\/\" data-term=\"norwegia\">\n\t\t\tProjekty w Norwegii\t\t<\/a><\/p>                        <\/div>\n                    <\/div>\n\t\t\t\t\n\t\t\t\t\t\t\t\t\t                        <a href=\"http:\/\/archmw.pl\/nn\/projects\/sofiemyr\/\" class=\"item-link\" aria-label=\"Sofiemyr\">\n\t\t\t\t\t\t\t<span class=\"image-placeholder\" style=\"padding-bottom:82.42857143%\"><img width=\"700\" height=\"577\" class=\"attachment-portfolio-img-3 size-portfolio-img-3 img-5635 lazyload\" alt=\"\" data-src=\"http:\/\/archmw.pl\/wp-content\/uploads\/2020\/12\/Sofiemyr_okladka-700x577.jpg\" data-srcset=\"http:\/\/archmw.pl\/wp-content\/uploads\/2020\/12\/Sofiemyr_okladka-700x577.jpg 700w, http:\/\/archmw.pl\/wp-content\/uploads\/2020\/12\/Sofiemyr_okladka-300x247.jpg 300w, http:\/\/archmw.pl\/wp-content\/uploads\/2020\/12\/Sofiemyr_okladka-1024x845.jpg 1024w, http:\/\/archmw.pl\/wp-content\/uploads\/2020\/12\/Sofiemyr_okladka-768x633.jpg 768w, http:\/\/archmw.pl\/wp-content\/uploads\/2020\/12\/Sofiemyr_okladka-1536x1267.jpg 1536w, http:\/\/archmw.pl\/wp-content\/uploads\/2020\/12\/Sofiemyr_okladka-15x12.jpg 15w, http:\/\/archmw.pl\/wp-content\/uploads\/2020\/12\/Sofiemyr_okladka-1612x1329.jpg 1612w, http:\/\/archmw.pl\/wp-content\/uploads\/2020\/12\/Sofiemyr_okladka-1116x920.jpg 1116w, http:\/\/archmw.pl\/wp-content\/uploads\/2020\/12\/Sofiemyr_okladka-806x665.jpg 806w, http:\/\/archmw.pl\/wp-content\/uploads\/2020\/12\/Sofiemyr_okladka-558x460.jpg 558w, http:\/\/archmw.pl\/wp-content\/uploads\/2020\/12\/Sofiemyr_okladka.jpg 1940w\" data-sizes=\"(max-width: 700px) 100vw, 700px\" \/><\/span>                        <\/a>\n\t\t\t\t\t\t\t\t\t            <\/div>\n        <\/div>\n    <\/div>\n\n\t\n<\/div>\n<div class=\"portfolio-item portfolio-item-type-1 has-padding w4 post-5240 portfolio type-portfolio status-publish has-post-thumbnail hentry portfolio_category-biurowe portfolio_category-norwegia\" data-portfolio-item-id=\"5240\" data-terms=\"biurowe norwegia\">\n\n\t\n\t\n\t\n    <div class=\"item-box-container\">\n        <div class=\"item-box wow fadeIn\">\n            <div class=\"thumb\">\n\t\t\t\t                    <div class=\"hover-state padding hover-eff-fade-slide position-bottom-left hover-full hover-style-white opacity-no\">\n\n\t\t\t\t\t\t\n                        <div class=\"info\">\n                            <h3>\n                                <a href=\"http:\/\/archmw.pl\/nn\/projects\/slot-ebergs-gt\/\" class=\"item-link\" aria-label=\"Stoltenbergs gata\">\n\t\t\t\t\t\t\t\t\tStoltenbergs gata                                <\/a>\n                            <\/h3>\n\t\t\t\t\t\t\t<p class=\"terms\"><a href=\"http:\/\/archmw.pl\/nn\/projects\/slot-ebergs-gt\/projects-category\/biurowe\/\" data-term=\"biurowe\">\n\t\t\tBudynki biurowe\t\t<\/a>, <a href=\"http:\/\/archmw.pl\/nn\/projects\/slot-ebergs-gt\/projects-category\/norwegia\/\" data-term=\"norwegia\">\n\t\t\tProjekty w Norwegii\t\t<\/a><\/p>                        <\/div>\n                    <\/div>\n\t\t\t\t\n\t\t\t\t\t\t\t\t\t                        <a href=\"http:\/\/archmw.pl\/nn\/projects\/slot-ebergs-gt\/\" class=\"item-link\" aria-label=\"Stoltenbergs gata\">\n\t\t\t\t\t\t\t<span class=\"image-placeholder\" style=\"padding-bottom:56.28571429%\"><img width=\"700\" height=\"394\" class=\"attachment-portfolio-img-3 size-portfolio-img-3 img-5241 lazyload\" alt=\"\" data-src=\"http:\/\/archmw.pl\/wp-content\/uploads\/2020\/12\/1-5-700x394.jpg\" data-srcset=\"http:\/\/archmw.pl\/wp-content\/uploads\/2020\/12\/1-5-700x394.jpg 700w, http:\/\/archmw.pl\/wp-content\/uploads\/2020\/12\/1-5-300x169.jpg 300w, http:\/\/archmw.pl\/wp-content\/uploads\/2020\/12\/1-5-1024x576.jpg 1024w, http:\/\/archmw.pl\/wp-content\/uploads\/2020\/12\/1-5-768x432.jpg 768w, http:\/\/archmw.pl\/wp-content\/uploads\/2020\/12\/1-5-1536x864.jpg 1536w, http:\/\/archmw.pl\/wp-content\/uploads\/2020\/12\/1-5-2048x1152.jpg 2048w, http:\/\/archmw.pl\/wp-content\/uploads\/2020\/12\/1-5-1612x907.jpg 1612w, http:\/\/archmw.pl\/wp-content\/uploads\/2020\/12\/1-5-1116x628.jpg 1116w, http:\/\/archmw.pl\/wp-content\/uploads\/2020\/12\/1-5-806x453.jpg 806w, http:\/\/archmw.pl\/wp-content\/uploads\/2020\/12\/1-5-558x314.jpg 558w\" data-sizes=\"(max-width: 700px) 100vw, 700px\" \/><\/span>                        <\/a>\n\t\t\t\t\t\t\t\t\t            <\/div>\n        <\/div>\n    <\/div>\n\n\t\n<\/div>\n<div class=\"portfolio-item portfolio-item-type-1 has-padding w4 post-5236 portfolio type-portfolio status-publish has-post-thumbnail hentry portfolio_category-family portfolio_category-norwegia\" data-portfolio-item-id=\"5236\" data-terms=\"family norwegia\">\n\n\t\n\t\n\t\n    <div class=\"item-box-container\">\n        <div class=\"item-box wow fadeIn\">\n            <div class=\"thumb\">\n\t\t\t\t                    <div class=\"hover-state padding hover-eff-fade-slide position-bottom-left hover-full hover-style-white opacity-no\">\n\n\t\t\t\t\t\t\n                        <div class=\"info\">\n                            <h3>\n                                <a href=\"http:\/\/archmw.pl\/nn\/projects\/nordstrand-eva-hertjord\/\" class=\"item-link\" aria-label=\"Nordstrand\">\n\t\t\t\t\t\t\t\t\tNordstrand                                <\/a>\n                            <\/h3>\n\t\t\t\t\t\t\t<p class=\"terms\"><a href=\"http:\/\/archmw.pl\/nn\/projects\/nordstrand-eva-hertjord\/projects-category\/family\/\" data-term=\"family\">\n\t\t\tDomy jednorodzinne\t\t<\/a>, <a href=\"http:\/\/archmw.pl\/nn\/projects\/nordstrand-eva-hertjord\/projects-category\/norwegia\/\" data-term=\"norwegia\">\n\t\t\tProjekty w Norwegii\t\t<\/a><\/p>                        <\/div>\n                    <\/div>\n\t\t\t\t\n\t\t\t\t\t\t\t\t\t                        <a href=\"http:\/\/archmw.pl\/nn\/projects\/nordstrand-eva-hertjord\/\" class=\"item-link\" aria-label=\"Nordstrand\">\n\t\t\t\t\t\t\t<span class=\"image-placeholder\" style=\"padding-bottom:56.28571429%\"><img width=\"700\" height=\"394\" class=\"attachment-portfolio-img-3 size-portfolio-img-3 img-5131 lazyload\" alt=\"\" data-src=\"http:\/\/archmw.pl\/wp-content\/uploads\/2020\/11\/image156-700x394.jpg\" data-srcset=\"http:\/\/archmw.pl\/wp-content\/uploads\/2020\/11\/image156-700x394.jpg 700w, http:\/\/archmw.pl\/wp-content\/uploads\/2020\/11\/image156-300x169.jpg 300w, http:\/\/archmw.pl\/wp-content\/uploads\/2020\/11\/image156-1024x576.jpg 1024w, http:\/\/archmw.pl\/wp-content\/uploads\/2020\/11\/image156-768x432.jpg 768w, http:\/\/archmw.pl\/wp-content\/uploads\/2020\/11\/image156-1536x864.jpg 1536w, http:\/\/archmw.pl\/wp-content\/uploads\/2020\/11\/image156-1612x907.jpg 1612w, http:\/\/archmw.pl\/wp-content\/uploads\/2020\/11\/image156-1116x628.jpg 1116w, http:\/\/archmw.pl\/wp-content\/uploads\/2020\/11\/image156-806x454.jpg 806w, http:\/\/archmw.pl\/wp-content\/uploads\/2020\/11\/image156-558x314.jpg 558w, http:\/\/archmw.pl\/wp-content\/uploads\/2020\/11\/image156-820x461.jpg 820w, http:\/\/archmw.pl\/wp-content\/uploads\/2020\/11\/image156.jpg 2040w\" data-sizes=\"(max-width: 700px) 100vw, 700px\" \/><\/span>                        <\/a>\n\t\t\t\t\t\t\t\t\t            <\/div>\n        <\/div>\n    <\/div>\n\n\t\n<\/div>\n<div class=\"portfolio-item portfolio-item-type-1 has-padding w4 post-5234 portfolio type-portfolio status-publish has-post-thumbnail hentry portfolio_category-family portfolio_category-norwegia\" data-portfolio-item-id=\"5234\" data-terms=\"family norwegia\">\n\n\t\n\t\n\t\n    <div class=\"item-box-container\">\n        <div class=\"item-box wow fadeIn\">\n            <div class=\"thumb\">\n\t\t\t\t                    <div class=\"hover-state padding hover-eff-fade-slide position-bottom-left hover-full hover-style-white opacity-no\">\n\n\t\t\t\t\t\t\n                        <div class=\"info\">\n                            <h3>\n                                <a href=\"http:\/\/archmw.pl\/nn\/projects\/nesodden\/\" class=\"item-link\" aria-label=\"Nesodden\">\n\t\t\t\t\t\t\t\t\tNesodden                                <\/a>\n                            <\/h3>\n\t\t\t\t\t\t\t<p class=\"terms\"><a href=\"http:\/\/archmw.pl\/nn\/projects\/nesodden\/projects-category\/family\/\" data-term=\"family\">\n\t\t\tDomy jednorodzinne\t\t<\/a>, <a href=\"http:\/\/archmw.pl\/nn\/projects\/nesodden\/projects-category\/norwegia\/\" data-term=\"norwegia\">\n\t\t\tProjekty w Norwegii\t\t<\/a><\/p>                        <\/div>\n                    <\/div>\n\t\t\t\t\n\t\t\t\t\t\t\t\t\t                        <a href=\"http:\/\/archmw.pl\/nn\/projects\/nesodden\/\" class=\"item-link\" aria-label=\"Nesodden\">\n\t\t\t\t\t\t\t<span class=\"image-placeholder\" style=\"padding-bottom:82.42857143%\"><img width=\"700\" height=\"577\" class=\"attachment-portfolio-img-3 size-portfolio-img-3 img-5632 lazyload\" alt=\"\" data-src=\"http:\/\/archmw.pl\/wp-content\/uploads\/2020\/12\/Nesodden_eksterior-700x577.jpg\" data-srcset=\"http:\/\/archmw.pl\/wp-content\/uploads\/2020\/12\/Nesodden_eksterior-700x577.jpg 700w, http:\/\/archmw.pl\/wp-content\/uploads\/2020\/12\/Nesodden_eksterior-300x247.jpg 300w, http:\/\/archmw.pl\/wp-content\/uploads\/2020\/12\/Nesodden_eksterior-1024x845.jpg 1024w, http:\/\/archmw.pl\/wp-content\/uploads\/2020\/12\/Nesodden_eksterior-768x633.jpg 768w, http:\/\/archmw.pl\/wp-content\/uploads\/2020\/12\/Nesodden_eksterior-1536x1267.jpg 1536w, http:\/\/archmw.pl\/wp-content\/uploads\/2020\/12\/Nesodden_eksterior-15x12.jpg 15w, http:\/\/archmw.pl\/wp-content\/uploads\/2020\/12\/Nesodden_eksterior-1612x1329.jpg 1612w, http:\/\/archmw.pl\/wp-content\/uploads\/2020\/12\/Nesodden_eksterior-1116x920.jpg 1116w, http:\/\/archmw.pl\/wp-content\/uploads\/2020\/12\/Nesodden_eksterior-806x665.jpg 806w, http:\/\/archmw.pl\/wp-content\/uploads\/2020\/12\/Nesodden_eksterior-558x460.jpg 558w, http:\/\/archmw.pl\/wp-content\/uploads\/2020\/12\/Nesodden_eksterior.jpg 1940w\" data-sizes=\"(max-width: 700px) 100vw, 700px\" \/><\/span>                        <\/a>\n\t\t\t\t\t\t\t\t\t            <\/div>\n        <\/div>\n    <\/div>\n\n\t\n<\/div>\n<div class=\"portfolio-item portfolio-item-type-1 has-padding w4 post-5225 portfolio type-portfolio status-publish has-post-thumbnail hentry portfolio_category-uslugowe portfolio_category-norwegia\" data-portfolio-item-id=\"5225\" data-terms=\"uslugowe norwegia\">\n\n\t\n\t\n\t\n    <div class=\"item-box-container\">\n        <div class=\"item-box wow fadeIn\">\n            <div class=\"thumb\">\n\t\t\t\t                    <div class=\"hover-state padding hover-eff-fade-slide position-bottom-left hover-full hover-style-white opacity-no\">\n\n\t\t\t\t\t\t\n                        <div class=\"info\">\n                            <h3>\n                                <a href=\"http:\/\/archmw.pl\/nn\/projects\/helsebygg\/\" class=\"item-link\" aria-label=\"Helsebygg\">\n\t\t\t\t\t\t\t\t\tHelsebygg                                <\/a>\n                            <\/h3>\n\t\t\t\t\t\t\t<p class=\"terms\"><a href=\"http:\/\/archmw.pl\/nn\/projects\/helsebygg\/projects-category\/uslugowe\/\" data-term=\"uslugowe\">\n\t\t\tObiekty us\u0142ugowe\t\t<\/a>, <a href=\"http:\/\/archmw.pl\/nn\/projects\/helsebygg\/projects-category\/norwegia\/\" data-term=\"norwegia\">\n\t\t\tProjekty w Norwegii\t\t<\/a><\/p>                        <\/div>\n                    <\/div>\n\t\t\t\t\n\t\t\t\t\t\t\t\t\t                        <a href=\"http:\/\/archmw.pl\/nn\/projects\/helsebygg\/\" class=\"item-link\" aria-label=\"Helsebygg\">\n\t\t\t\t\t\t\t<span class=\"image-placeholder\" style=\"padding-bottom:56.28571429%\"><img width=\"700\" height=\"394\" class=\"attachment-portfolio-img-3 size-portfolio-img-3 img-5227 lazyload\" alt=\"\" data-src=\"http:\/\/archmw.pl\/wp-content\/uploads\/2020\/12\/3-1-700x394.jpg\" data-srcset=\"http:\/\/archmw.pl\/wp-content\/uploads\/2020\/12\/3-1-700x394.jpg 700w, http:\/\/archmw.pl\/wp-content\/uploads\/2020\/12\/3-1-300x169.jpg 300w, http:\/\/archmw.pl\/wp-content\/uploads\/2020\/12\/3-1-1024x576.jpg 1024w, http:\/\/archmw.pl\/wp-content\/uploads\/2020\/12\/3-1-768x432.jpg 768w, http:\/\/archmw.pl\/wp-content\/uploads\/2020\/12\/3-1-1536x864.jpg 1536w, http:\/\/archmw.pl\/wp-content\/uploads\/2020\/12\/3-1-2048x1152.jpg 2048w, http:\/\/archmw.pl\/wp-content\/uploads\/2020\/12\/3-1-1612x907.jpg 1612w, http:\/\/archmw.pl\/wp-content\/uploads\/2020\/12\/3-1-1116x628.jpg 1116w, http:\/\/archmw.pl\/wp-content\/uploads\/2020\/12\/3-1-806x453.jpg 806w, http:\/\/archmw.pl\/wp-content\/uploads\/2020\/12\/3-1-558x314.jpg 558w\" data-sizes=\"(max-width: 700px) 100vw, 700px\" \/><\/span>                        <\/a>\n\t\t\t\t\t\t\t\t\t            <\/div>\n        <\/div>\n    <\/div>\n\n\t\n<\/div>\n<div class=\"portfolio-item portfolio-item-type-1 has-padding w4 post-5217 portfolio type-portfolio status-publish has-post-thumbnail hentry portfolio_category-uslugowe\" data-portfolio-item-id=\"5217\" data-terms=\"uslugowe\">\n\n\t\n\t\n\t\n    <div class=\"item-box-container\">\n        <div class=\"item-box wow fadeIn\">\n            <div class=\"thumb\">\n\t\t\t\t                    <div class=\"hover-state padding hover-eff-fade-slide position-bottom-left hover-full hover-style-white opacity-no\">\n\n\t\t\t\t\t\t\n                        <div class=\"info\">\n                            <h3>\n                                <a href=\"http:\/\/archmw.pl\/nn\/projects\/rzeszotary\/\" class=\"item-link\" aria-label=\"Rzeszotary\">\n\t\t\t\t\t\t\t\t\tRzeszotary                                <\/a>\n                            <\/h3>\n\t\t\t\t\t\t\t<p class=\"terms\"><a href=\"http:\/\/archmw.pl\/nn\/projects\/rzeszotary\/projects-category\/uslugowe\/\" data-term=\"uslugowe\">\n\t\t\tObiekty us\u0142ugowe\t\t<\/a><\/p>                        <\/div>\n                    <\/div>\n\t\t\t\t\n\t\t\t\t\t\t\t\t\t                        <a href=\"http:\/\/archmw.pl\/nn\/projects\/rzeszotary\/\" class=\"item-link\" aria-label=\"Rzeszotary\">\n\t\t\t\t\t\t\t<span class=\"image-placeholder\" style=\"padding-bottom:82.42857143%\"><img width=\"700\" height=\"577\" class=\"attachment-portfolio-img-3 size-portfolio-img-3 img-5652 lazyload\" alt=\"\" data-src=\"http:\/\/archmw.pl\/wp-content\/uploads\/2020\/12\/rzeszotary_okladka-700x577.jpg\" data-srcset=\"http:\/\/archmw.pl\/wp-content\/uploads\/2020\/12\/rzeszotary_okladka-700x577.jpg 700w, http:\/\/archmw.pl\/wp-content\/uploads\/2020\/12\/rzeszotary_okladka-300x247.jpg 300w, http:\/\/archmw.pl\/wp-content\/uploads\/2020\/12\/rzeszotary_okladka-1024x845.jpg 1024w, http:\/\/archmw.pl\/wp-content\/uploads\/2020\/12\/rzeszotary_okladka-768x633.jpg 768w, http:\/\/archmw.pl\/wp-content\/uploads\/2020\/12\/rzeszotary_okladka-1536x1267.jpg 1536w, http:\/\/archmw.pl\/wp-content\/uploads\/2020\/12\/rzeszotary_okladka-15x12.jpg 15w, http:\/\/archmw.pl\/wp-content\/uploads\/2020\/12\/rzeszotary_okladka-1612x1329.jpg 1612w, http:\/\/archmw.pl\/wp-content\/uploads\/2020\/12\/rzeszotary_okladka-1116x920.jpg 1116w, http:\/\/archmw.pl\/wp-content\/uploads\/2020\/12\/rzeszotary_okladka-806x665.jpg 806w, http:\/\/archmw.pl\/wp-content\/uploads\/2020\/12\/rzeszotary_okladka-558x460.jpg 558w, http:\/\/archmw.pl\/wp-content\/uploads\/2020\/12\/rzeszotary_okladka.jpg 1940w\" data-sizes=\"(max-width: 700px) 100vw, 700px\" \/><\/span>                        <\/a>\n\t\t\t\t\t\t\t\t\t            <\/div>\n        <\/div>\n    <\/div>\n\n\t\n<\/div>\n<div class=\"portfolio-item portfolio-item-type-1 has-padding w4 post-5212 portfolio type-portfolio status-publish has-post-thumbnail hentry portfolio_category-urbanism\" data-portfolio-item-id=\"5212\" data-terms=\"urbanism\">\n\n\t\n\t\n\t\n    <div class=\"item-box-container\">\n        <div class=\"item-box wow fadeIn\">\n            <div class=\"thumb\">\n\t\t\t\t                    <div class=\"hover-state padding hover-eff-fade-slide position-bottom-left hover-full hover-style-white opacity-no\">\n\n\t\t\t\t\t\t\n                        <div class=\"info\">\n                            <h3>\n                                <a href=\"http:\/\/archmw.pl\/nn\/projects\/lipiowiec\/\" class=\"item-link\" aria-label=\"Zamek Lipowiec &lt;br&gt; Punkt Obs\u0142ugi Turyst&oacute;w\">\n\t\t\t\t\t\t\t\t\tZamek Lipowiec <br> Punkt Obs\u0142ugi Turyst\u00f3w                                <\/a>\n                            <\/h3>\n\t\t\t\t\t\t\t<p class=\"terms\"><a href=\"http:\/\/archmw.pl\/nn\/projects\/lipiowiec\/projects-category\/urbanism\/\" data-term=\"urbanism\">\n\t\t\tObiekty kultury\t\t<\/a><\/p>                        <\/div>\n                    <\/div>\n\t\t\t\t\n\t\t\t\t\t\t\t\t\t                        <a href=\"http:\/\/archmw.pl\/nn\/projects\/lipiowiec\/\" class=\"item-link\" aria-label=\"Zamek Lipowiec &lt;br&gt; Punkt Obs\u0142ugi Turyst&oacute;w\">\n\t\t\t\t\t\t\t<span class=\"image-placeholder\" style=\"padding-bottom:82.42857143%\"><img width=\"700\" height=\"577\" class=\"attachment-portfolio-img-3 size-portfolio-img-3 img-5619 lazyload\" alt=\"\" data-src=\"http:\/\/archmw.pl\/wp-content\/uploads\/2020\/12\/Lipowiec_POT_okladka-700x577.jpg\" data-srcset=\"http:\/\/archmw.pl\/wp-content\/uploads\/2020\/12\/Lipowiec_POT_okladka-700x577.jpg 700w, http:\/\/archmw.pl\/wp-content\/uploads\/2020\/12\/Lipowiec_POT_okladka-300x247.jpg 300w, http:\/\/archmw.pl\/wp-content\/uploads\/2020\/12\/Lipowiec_POT_okladka-1024x845.jpg 1024w, http:\/\/archmw.pl\/wp-content\/uploads\/2020\/12\/Lipowiec_POT_okladka-768x633.jpg 768w, http:\/\/archmw.pl\/wp-content\/uploads\/2020\/12\/Lipowiec_POT_okladka-1536x1267.jpg 1536w, http:\/\/archmw.pl\/wp-content\/uploads\/2020\/12\/Lipowiec_POT_okladka-15x12.jpg 15w, http:\/\/archmw.pl\/wp-content\/uploads\/2020\/12\/Lipowiec_POT_okladka-1612x1329.jpg 1612w, http:\/\/archmw.pl\/wp-content\/uploads\/2020\/12\/Lipowiec_POT_okladka-1116x920.jpg 1116w, http:\/\/archmw.pl\/wp-content\/uploads\/2020\/12\/Lipowiec_POT_okladka-806x665.jpg 806w, http:\/\/archmw.pl\/wp-content\/uploads\/2020\/12\/Lipowiec_POT_okladka-558x460.jpg 558w, http:\/\/archmw.pl\/wp-content\/uploads\/2020\/12\/Lipowiec_POT_okladka.jpg 1940w\" data-sizes=\"(max-width: 700px) 100vw, 700px\" \/><\/span>                        <\/a>\n\t\t\t\t\t\t\t\t\t            <\/div>\n        <\/div>\n    <\/div>\n\n\t\n<\/div>\n<div class=\"portfolio-item portfolio-item-type-1 has-padding w4 post-5200 portfolio type-portfolio status-publish has-post-thumbnail hentry portfolio_category-family\" data-portfolio-item-id=\"5200\" data-terms=\"family\">\n\n\t\n\t\n\t\n    <div class=\"item-box-container\">\n        <div class=\"item-box wow fadeIn\">\n            <div class=\"thumb\">\n\t\t\t\t                    <div class=\"hover-state padding hover-eff-fade-slide position-bottom-left hover-full hover-style-white opacity-no\">\n\n\t\t\t\t\t\t\n                        <div class=\"info\">\n                            <h3>\n                                <a href=\"http:\/\/archmw.pl\/nn\/projects\/korbutowa\/\" class=\"item-link\" aria-label=\"Dom na Woli Justowskiej\">\n\t\t\t\t\t\t\t\t\tDom na Woli Justowskiej                                <\/a>\n                            <\/h3>\n\t\t\t\t\t\t\t<p class=\"terms\"><a href=\"http:\/\/archmw.pl\/nn\/projects\/korbutowa\/projects-category\/family\/\" data-term=\"family\">\n\t\t\tDomy jednorodzinne\t\t<\/a><\/p>                        <\/div>\n                    <\/div>\n\t\t\t\t\n\t\t\t\t\t\t\t\t\t                        <a href=\"http:\/\/archmw.pl\/nn\/projects\/korbutowa\/\" class=\"item-link\" aria-label=\"Dom na Woli Justowskiej\">\n\t\t\t\t\t\t\t<span class=\"image-placeholder\" style=\"padding-bottom:56.28571429%\"><img width=\"700\" height=\"394\" class=\"attachment-portfolio-img-3 size-portfolio-img-3 img-5547 lazyload\" alt=\"\" data-src=\"http:\/\/archmw.pl\/wp-content\/uploads\/2020\/12\/3-3-700x394.jpg\" data-srcset=\"http:\/\/archmw.pl\/wp-content\/uploads\/2020\/12\/3-3-700x394.jpg 700w, http:\/\/archmw.pl\/wp-content\/uploads\/2020\/12\/3-3-300x169.jpg 300w, http:\/\/archmw.pl\/wp-content\/uploads\/2020\/12\/3-3-1024x576.jpg 1024w, http:\/\/archmw.pl\/wp-content\/uploads\/2020\/12\/3-3-768x432.jpg 768w, http:\/\/archmw.pl\/wp-content\/uploads\/2020\/12\/3-3-1536x864.jpg 1536w, http:\/\/archmw.pl\/wp-content\/uploads\/2020\/12\/3-3-2048x1152.jpg 2048w, http:\/\/archmw.pl\/wp-content\/uploads\/2020\/12\/3-3-16x9.jpg 16w, http:\/\/archmw.pl\/wp-content\/uploads\/2020\/12\/3-3-1612x907.jpg 1612w, http:\/\/archmw.pl\/wp-content\/uploads\/2020\/12\/3-3-1116x628.jpg 1116w, http:\/\/archmw.pl\/wp-content\/uploads\/2020\/12\/3-3-806x453.jpg 806w, http:\/\/archmw.pl\/wp-content\/uploads\/2020\/12\/3-3-558x314.jpg 558w\" data-sizes=\"(max-width: 700px) 100vw, 700px\" \/><\/span>                        <\/a>\n\t\t\t\t\t\t\t\t\t            <\/div>\n        <\/div>\n    <\/div>\n\n\t\n<\/div>\n\t\t<\/div>\n\t\t\n\t\t    <script type=\"text\/javascript\">\n\t\tvar portfolioContainers = portfolioContainers || [];\n\t\tportfolioContainers.push( {\"instanceId\":\"projects-1\",\"instanceAlias\":\"projekty\",\"baseQuery\":{\"post_type\":[\"portfolio\"],\"post_status\":\"publish\",\"posts_per_page\":20,\"orderby\":\"date\",\"paged\":1,\"meta_query\":[{\"key\":\"_thumbnail_id\",\"compare\":\"EXISTS\"}]},\"vcAttributes\":{\"portfolio_query\":\"size:20|order_by:date|post_type:portfolio\",\"title\":\"Projekty\",\"title_tag\":\"h2\",\"description\":\"\",\"category_filter\":\"yes\",\"default_filter_category\":\"default\",\"filter_category_hide_all\":\"\",\"portfolio_type\":\"type-2\",\"columns\":\"3\",\"reveal_effect\":\"fade\",\"portfolio_spacing\":\"inherit\",\"dynamic_image_height\":\"yes\",\"portfolio_full_width_title_container\":\"yes\",\"portfolio_full_width\":\"inherit\",\"pagination_type\":\"static\",\"more_link\":\"\",\"endless_auto_reveal\":\"\",\"endless_show_more_button_text\":\"Show More\",\"endless_no_more_items_button_text\":\"No more portfolio items to show\",\"endless_per_page\":\"\",\"el_class\":\"projects-page\",\"css\":\"\",\"trp_param_show\":\"\",\"trp_param_show_language\":\"\",\"trp_param_exclude\":\"\",\"trp_param_exclude_languages\":\"\"},\"postId\":0,\"count\":48,\"countByTerms\":{\"przemyslowa\":2,\"biurowe\":3,\"domy\":15,\"family\":13,\"urbanism\":8,\"uslugowe\":7,\"norwegia\":14},\"lightboxData\":null,\"filterPushState\":false} );\n    <\/script>\n\t\t\t\t\t\t\t\t\n\t<\/div>\n\t\n<\/div>\n<\/div><\/div><\/div><\/div><\/div>","protected":false},"excerpt":{"rendered":"Kategoria: Domy jednorodzinne Lokalizacja: Ul. Ludmi\u0142y Korbutowej w Krakowie Wojew\u00f3dztwo ma\u0142opolskie Projekt: 2014-2015 Realizacja: 2015 Inwestor: Osoba prywatna Powierzchnia u\u017cytkowa: 249 m2","protected":false},"author":1,"featured_media":4625,"parent":0,"menu_order":0,"comment_status":"open","ping_status":"closed","template":"","meta":{"inline_featured_image":false,"footnotes":""},"class_list":["post-3283","page","type-page","status-publish","has-post-thumbnail","hentry"],"_links":{"self":[{"href":"http:\/\/archmw.pl\/nn\/wp-json\/wp\/v2\/pages\/3283","targetHints":{"allow":["GET"]}}],"collection":[{"href":"http:\/\/archmw.pl\/nn\/wp-json\/wp\/v2\/pages"}],"about":[{"href":"http:\/\/archmw.pl\/nn\/wp-json\/wp\/v2\/types\/page"}],"author":[{"embeddable":true,"href":"http:\/\/archmw.pl\/nn\/wp-json\/wp\/v2\/users\/1"}],"replies":[{"embeddable":true,"href":"http:\/\/archmw.pl\/nn\/wp-json\/wp\/v2\/comments?post=3283"}],"version-history":[{"count":7,"href":"http:\/\/archmw.pl\/nn\/wp-json\/wp\/v2\/pages\/3283\/revisions"}],"predecessor-version":[{"id":4933,"href":"http:\/\/archmw.pl\/nn\/wp-json\/wp\/v2\/pages\/3283\/revisions\/4933"}],"wp:featuredmedia":[{"embeddable":true,"href":"http:\/\/archmw.pl\/nn\/wp-json\/wp\/v2\/media\/4625"}],"wp:attachment":[{"href":"http:\/\/archmw.pl\/nn\/wp-json\/wp\/v2\/media?parent=3283"}],"curies":[{"name":"wp","href":"https:\/\/api.w.org\/{rel}","templated":true}]}}